{"id":1082,"date":"2025-04-14T10:32:24","date_gmt":"2025-04-14T08:32:24","guid":{"rendered":"https:\/\/veloraildelajuine.fr\/?page_id=1082"},"modified":"2025-11-02T09:57:29","modified_gmt":"2025-11-02T08:57:29","slug":"on-recrute","status":"publish","type":"page","link":"https:\/\/veloraildelajuine.fr\/index.php\/on-recrute\/","title":{"rendered":"On recrute !!!"},"content":{"rendered":"\t\t<div data-elementor-type=\"wp-page\" data-elementor-id=\"1082\" class=\"elementor elementor-1082\">\n\t\t\t\t\t\t<section class=\"elementor-section elementor-top-section elementor-element elementor-element-4c2b7df elementor-section-boxed elementor-section-height-default elementor-section-height-default\" data-id=\"4c2b7df\" data-element_type=\"section\" data-e-type=\"section\">\n\t\t\t\t\t\t<div class=\"elementor-container elementor-column-gap-default\">\n\t\t\t\t\t<div class=\"elementor-column elementor-col-33 elementor-top-column elementor-element elementor-element-3a1cad8\" data-id=\"3a1cad8\" data-element_type=\"column\" data-e-type=\"column\">\n\t\t\t<div class=\"elementor-widget-wrap elementor-element-populated\">\n\t\t\t\t\t\t<div class=\"elementor-element elementor-element-82e01a3 elementor-widget__width-initial elementor-widget elementor-widget-heading\" data-id=\"82e01a3\" data-element_type=\"widget\" data-e-type=\"widget\" data-widget_type=\"heading.default\">\n\t\t\t\t<div class=\"elementor-widget-container\">\n\t\t\t\t\t<h2 class=\"elementor-heading-title elementor-size-default\">Travailler au v\u00e9lorail<\/h2>\t\t\t\t<\/div>\n\t\t\t\t<\/div>\n\t\t\t\t<div class=\"elementor-element elementor-element-55e38ce elementor-widget elementor-widget-text-editor\" data-id=\"55e38ce\" data-element_type=\"widget\" data-e-type=\"widget\" data-widget_type=\"text-editor.default\">\n\t\t\t\t<div class=\"elementor-widget-container\">\n\t\t\t\t\t\t\t\t\t<p>Vivre d&rsquo;un m\u00e9tier passionnant et qui a du sens, c&rsquo;est possible au v\u00e9lorail !<\/p>\t\t\t\t\t\t\t\t<\/div>\n\t\t\t\t<\/div>\n\t\t\t\t<div class=\"elementor-element elementor-element-4712cf8 elementor-widget elementor-widget-heading\" data-id=\"4712cf8\" data-element_type=\"widget\" data-e-type=\"widget\" data-widget_type=\"heading.default\">\n\t\t\t\t<div class=\"elementor-widget-container\">\n\t\t\t\t\t<h3 class=\"elementor-heading-title elementor-size-default\"><a href=\"https:\/\/www.memorialdelashoah.org\/pithiviers.html\" target=\"_blank\">Responsable d'Exploitation<\/a><\/h3>\t\t\t\t<\/div>\n\t\t\t\t<\/div>\n\t\t\t\t<div class=\"elementor-element elementor-element-c156468 elementor-widget elementor-widget-text-editor\" data-id=\"c156468\" data-element_type=\"widget\" data-e-type=\"widget\" data-widget_type=\"text-editor.default\">\n\t\t\t\t<div class=\"elementor-widget-container\">\n\t\t\t\t\t\t\t\t\t<p>&#8212; POSTE POURVU &#8212;<\/p><p>Si vous avez le sens du contact, que voulez \u00e9voluer en responsabilit\u00e9 et aimez faire partager aux visiteurs du v\u00e9lorail un moment particulier, c&rsquo;est peut \u00eatre pour vous !<\/p><p>Bien s\u00fbr, il y a des jours plus faciles que d&rsquo;autres&#8230;\u00a0Le plaisir d&rsquo;une journ\u00e9e ou tout le monde a le sourire est une r\u00e9compense sans pareil. En plus, l&rsquo;ambiance est BONNE !!!<\/p><p>Il faut aimer la m\u00e9canique, le grand air, le contact avec les gens, savoir appliquer et faire appliquer des r\u00e8gles de s\u00e9curit\u00e9. Vous aurez \u00e0 piloter votre petite \u00e9quipe et pouvez avoir \u00e0 g\u00e9rer des situations d\u00e9grad\u00e9es, toujours avec calme. Vous aurez du repos quand vos visiteurs travaillent et ne craignez pas &#8211; du coup &#8211; d&rsquo;\u00eatre au travail les week ends et vacances scolaires. Hors saison (automne-hiver), nous travaillons plus doucement \u00e0 la maintenance des engins et de la voie ferr\u00e9e.<\/p><p>Envoyez nous un mail : philippe@railvert.com<\/p>\t\t\t\t\t\t\t\t<\/div>\n\t\t\t\t<\/div>\n\t\t\t\t<div class=\"elementor-element elementor-element-ef44b6c elementor-widget elementor-widget-heading\" data-id=\"ef44b6c\" data-element_type=\"widget\" data-e-type=\"widget\" data-widget_type=\"heading.default\">\n\t\t\t\t<div class=\"elementor-widget-container\">\n\t\t\t\t\t<h2 class=\"elementor-heading-title elementor-size-default\">Agent d'Exploitation polyvalent (2 postes)<\/h2>\t\t\t\t<\/div>\n\t\t\t\t<\/div>\n\t\t\t\t<div class=\"elementor-element elementor-element-f42169a elementor-widget elementor-widget-text-editor\" data-id=\"f42169a\" data-element_type=\"widget\" data-e-type=\"widget\" data-widget_type=\"text-editor.default\">\n\t\t\t\t<div class=\"elementor-widget-container\">\n\t\t\t\t\t\t\t\t\t<p><span style=\"color: var( --e-global-color-text );\">Votre mission : que tout le monde passe un bon moment ! Vous pr\u00e9parez les v\u00e9lorails, dispensez les consignes de s\u00e9curit\u00e9 et g\u00e9rez l&#8217;embarquement et les d\u00e9parts. Hors saison, nous travaillons \u00e0 l&rsquo;entretien de la voie ferr\u00e9e et des mat\u00e9riels (beaucoup de m\u00e9canique en plein air !)<\/span><\/p><p>Il faut un permis B (obligatoire), aimer le contact et avoir la rigueur qui garantie la s\u00e9curit\u00e9 de tout le monde. Un poste est \u00e0 temps plein CDI et un en saisonnier et\/ou \u00e0 temps partiel. Contact : philippe@railvert.com\u00a0<\/p>\t\t\t\t\t\t\t\t<\/div>\n\t\t\t\t<\/div>\n\t\t\t\t\t<\/div>\n\t\t<\/div>\n\t\t\t\t<div class=\"elementor-column elementor-col-66 elementor-top-column elementor-element elementor-element-c5b68b9\" data-id=\"c5b68b9\" data-element_type=\"column\" data-e-type=\"column\">\n\t\t\t<div class=\"elementor-widget-wrap elementor-element-populated\">\n\t\t\t\t\t\t<div class=\"elementor-element elementor-element-625a63f elementor-widget elementor-widget-image\" data-id=\"625a63f\" data-element_type=\"widget\" data-e-type=\"widget\" data-settings=\"{&quot;motion_fx_motion_fx_scrolling&quot;:&quot;yes&quot;,&quot;motion_fx_translateY_effect&quot;:&quot;yes&quot;,&quot;motion_fx_translateY_speed&quot;:{&quot;unit&quot;:&quot;px&quot;,&quot;size&quot;:4,&quot;sizes&quot;:[]},&quot;motion_fx_translateY_affectedRange&quot;:{&quot;unit&quot;:&quot;%&quot;,&quot;size&quot;:&quot;&quot;,&quot;sizes&quot;:{&quot;start&quot;:0,&quot;end&quot;:100}},&quot;motion_fx_devices&quot;:[&quot;desktop&quot;,&quot;tablet&quot;,&quot;mobile&quot;]}\" data-widget_type=\"image.default\">\n\t\t\t\t<div class=\"elementor-widget-container\">\n\t\t\t\t\t\t\t\t\t\t\t\t\t\t\t<img fetchpriority=\"high\" decoding=\"async\" width=\"800\" height=\"557\" src=\"https:\/\/veloraildelajuine.fr\/wp-content\/uploads\/2025\/01\/2023-08-11-11.47.02-1024x713.jpg\" class=\"attachment-large size-large wp-image-961\" alt=\"\" srcset=\"https:\/\/veloraildelajuine.fr\/wp-content\/uploads\/2025\/01\/2023-08-11-11.47.02-1024x713.jpg 1024w, https:\/\/veloraildelajuine.fr\/wp-content\/uploads\/2025\/01\/2023-08-11-11.47.02-300x209.jpg 300w, https:\/\/veloraildelajuine.fr\/wp-content\/uploads\/2025\/01\/2023-08-11-11.47.02-768x535.jpg 768w, https:\/\/veloraildelajuine.fr\/wp-content\/uploads\/2025\/01\/2023-08-11-11.47.02-1536x1070.jpg 1536w, https:\/\/veloraildelajuine.fr\/wp-content\/uploads\/2025\/01\/2023-08-11-11.47.02-2048x1427.jpg 2048w\" sizes=\"(max-width: 800px) 100vw, 800px\" \/>\t\t\t\t\t\t\t\t\t\t\t\t\t\t\t<\/div>\n\t\t\t\t<\/div>\n\t\t\t\t\t<\/div>\n\t\t<\/div>\n\t\t\t\t\t<\/div>\n\t\t<\/section>\n\t\t\t\t<\/div>\n\t\t","protected":false},"excerpt":{"rendered":"<p>Travailler au v\u00e9lorail Vivre d&rsquo;un m\u00e9tier passionnant et qui a du sens, c&rsquo;est possible au v\u00e9lorail ! Responsable d&rsquo;Exploitation &#8212; POSTE POURVU &#8212; Si vous avez le sens du contact, que voulez \u00e9voluer en responsabilit\u00e9 et aimez faire partager aux visiteurs du v\u00e9lorail un moment particulier, c&rsquo;est peut \u00eatre pour vous ! Bien s\u00fbr, il [&hellip;]<\/p>\n","protected":false},"author":2,"featured_media":1024,"parent":0,"menu_order":0,"comment_status":"closed","ping_status":"closed","template":"","meta":{"footnotes":""},"class_list":["post-1082","page","type-page","status-publish","has-post-thumbnail","hentry"],"yoast_head":"<!-- This site is optimized with the Yoast SEO plugin v27.5 - https:\/\/yoast.com\/product\/yoast-seo-wordpress\/ -->\n<title>On recrute !!! - V\u00e9lorail de la Juine<\/title>\n<meta name=\"robots\" content=\"index, follow, max-snippet:-1, max-image-preview:large, max-video-preview:-1\" \/>\n<link rel=\"canonical\" href=\"https:\/\/veloraildelajuine.fr\/index.php\/on-recrute\/\" \/>\n<meta property=\"og:locale\" content=\"fr_FR\" \/>\n<meta property=\"og:type\" content=\"article\" \/>\n<meta property=\"og:title\" content=\"On recrute !!! - V\u00e9lorail de la Juine\" \/>\n<meta property=\"og:description\" content=\"Travailler au v\u00e9lorail Vivre d&rsquo;un m\u00e9tier passionnant et qui a du sens, c&rsquo;est possible au v\u00e9lorail ! Responsable d&rsquo;Exploitation &#8212; POSTE POURVU &#8212; Si vous avez le sens du contact, que voulez \u00e9voluer en responsabilit\u00e9 et aimez faire partager aux visiteurs du v\u00e9lorail un moment particulier, c&rsquo;est peut \u00eatre pour vous ! Bien s\u00fbr, il [&hellip;]\" \/>\n<meta property=\"og:url\" content=\"https:\/\/veloraildelajuine.fr\/index.php\/on-recrute\/\" \/>\n<meta property=\"og:site_name\" content=\"V\u00e9lorail de la Juine\" \/>\n<meta property=\"article:modified_time\" content=\"2025-11-02T08:57:29+00:00\" \/>\n<meta property=\"og:image\" content=\"https:\/\/veloraildelajuine.fr\/wp-content\/uploads\/2025\/01\/2023-05-13-10.23.03-scaled.jpg\" \/>\n\t<meta property=\"og:image:width\" content=\"2560\" \/>\n\t<meta property=\"og:image:height\" content=\"1920\" \/>\n\t<meta property=\"og:image:type\" content=\"image\/jpeg\" \/>\n<meta name=\"twitter:card\" content=\"summary_large_image\" \/>\n<meta name=\"twitter:label1\" content=\"Dur\u00e9e de lecture estim\u00e9e\" \/>\n\t<meta name=\"twitter:data1\" content=\"2 minutes\" \/>\n<script type=\"application\/ld+json\" class=\"yoast-schema-graph\">{\"@context\":\"https:\\\/\\\/schema.org\",\"@graph\":[{\"@type\":\"WebPage\",\"@id\":\"https:\\\/\\\/veloraildelajuine.fr\\\/index.php\\\/on-recrute\\\/\",\"url\":\"https:\\\/\\\/veloraildelajuine.fr\\\/index.php\\\/on-recrute\\\/\",\"name\":\"On recrute !!! - V\u00e9lorail de la Juine\",\"isPartOf\":{\"@id\":\"https:\\\/\\\/veloraildelajuine.fr\\\/#website\"},\"primaryImageOfPage\":{\"@id\":\"https:\\\/\\\/veloraildelajuine.fr\\\/index.php\\\/on-recrute\\\/#primaryimage\"},\"image\":{\"@id\":\"https:\\\/\\\/veloraildelajuine.fr\\\/index.php\\\/on-recrute\\\/#primaryimage\"},\"thumbnailUrl\":\"https:\\\/\\\/veloraildelajuine.fr\\\/wp-content\\\/uploads\\\/2025\\\/01\\\/2023-05-13-10.23.03-scaled.jpg\",\"datePublished\":\"2025-04-14T08:32:24+00:00\",\"dateModified\":\"2025-11-02T08:57:29+00:00\",\"breadcrumb\":{\"@id\":\"https:\\\/\\\/veloraildelajuine.fr\\\/index.php\\\/on-recrute\\\/#breadcrumb\"},\"inLanguage\":\"fr-FR\",\"potentialAction\":[{\"@type\":\"ReadAction\",\"target\":[\"https:\\\/\\\/veloraildelajuine.fr\\\/index.php\\\/on-recrute\\\/\"]}]},{\"@type\":\"ImageObject\",\"inLanguage\":\"fr-FR\",\"@id\":\"https:\\\/\\\/veloraildelajuine.fr\\\/index.php\\\/on-recrute\\\/#primaryimage\",\"url\":\"https:\\\/\\\/veloraildelajuine.fr\\\/wp-content\\\/uploads\\\/2025\\\/01\\\/2023-05-13-10.23.03-scaled.jpg\",\"contentUrl\":\"https:\\\/\\\/veloraildelajuine.fr\\\/wp-content\\\/uploads\\\/2025\\\/01\\\/2023-05-13-10.23.03-scaled.jpg\",\"width\":2560,\"height\":1920},{\"@type\":\"BreadcrumbList\",\"@id\":\"https:\\\/\\\/veloraildelajuine.fr\\\/index.php\\\/on-recrute\\\/#breadcrumb\",\"itemListElement\":[{\"@type\":\"ListItem\",\"position\":1,\"name\":\"Accueil\",\"item\":\"https:\\\/\\\/veloraildelajuine.fr\\\/\"},{\"@type\":\"ListItem\",\"position\":2,\"name\":\"On recrute !!!\"}]},{\"@type\":\"WebSite\",\"@id\":\"https:\\\/\\\/veloraildelajuine.fr\\\/#website\",\"url\":\"https:\\\/\\\/veloraildelajuine.fr\\\/\",\"name\":\"V\u00e9lorail de la Juine\",\"description\":\"Un site utilisant WordPress\",\"publisher\":{\"@id\":\"https:\\\/\\\/veloraildelajuine.fr\\\/#organization\"},\"potentialAction\":[{\"@type\":\"SearchAction\",\"target\":{\"@type\":\"EntryPoint\",\"urlTemplate\":\"https:\\\/\\\/veloraildelajuine.fr\\\/?s={search_term_string}\"},\"query-input\":{\"@type\":\"PropertyValueSpecification\",\"valueRequired\":true,\"valueName\":\"search_term_string\"}}],\"inLanguage\":\"fr-FR\"},{\"@type\":\"Organization\",\"@id\":\"https:\\\/\\\/veloraildelajuine.fr\\\/#organization\",\"name\":\"V\u00e9lorail de la Juine\",\"url\":\"https:\\\/\\\/veloraildelajuine.fr\\\/\",\"logo\":{\"@type\":\"ImageObject\",\"inLanguage\":\"fr-FR\",\"@id\":\"https:\\\/\\\/veloraildelajuine.fr\\\/#\\\/schema\\\/logo\\\/image\\\/\",\"url\":\"https:\\\/\\\/veloraildelajuine.fr\\\/wp-content\\\/uploads\\\/2022\\\/06\\\/LOGO-JUINE-VERT-2.png\",\"contentUrl\":\"https:\\\/\\\/veloraildelajuine.fr\\\/wp-content\\\/uploads\\\/2022\\\/06\\\/LOGO-JUINE-VERT-2.png\",\"width\":768,\"height\":666,\"caption\":\"V\u00e9lorail de la Juine\"},\"image\":{\"@id\":\"https:\\\/\\\/veloraildelajuine.fr\\\/#\\\/schema\\\/logo\\\/image\\\/\"}}]}<\/script>\n<!-- \/ Yoast SEO plugin. -->","yoast_head_json":{"title":"On recrute !!! - V\u00e9lorail de la Juine","robots":{"index":"index","follow":"follow","max-snippet":"max-snippet:-1","max-image-preview":"max-image-preview:large","max-video-preview":"max-video-preview:-1"},"canonical":"https:\/\/veloraildelajuine.fr\/index.php\/on-recrute\/","og_locale":"fr_FR","og_type":"article","og_title":"On recrute !!! - V\u00e9lorail de la Juine","og_description":"Travailler au v\u00e9lorail Vivre d&rsquo;un m\u00e9tier passionnant et qui a du sens, c&rsquo;est possible au v\u00e9lorail ! Responsable d&rsquo;Exploitation &#8212; POSTE POURVU &#8212; Si vous avez le sens du contact, que voulez \u00e9voluer en responsabilit\u00e9 et aimez faire partager aux visiteurs du v\u00e9lorail un moment particulier, c&rsquo;est peut \u00eatre pour vous ! Bien s\u00fbr, il [&hellip;]","og_url":"https:\/\/veloraildelajuine.fr\/index.php\/on-recrute\/","og_site_name":"V\u00e9lorail de la Juine","article_modified_time":"2025-11-02T08:57:29+00:00","og_image":[{"width":2560,"height":1920,"url":"https:\/\/veloraildelajuine.fr\/wp-content\/uploads\/2025\/01\/2023-05-13-10.23.03-scaled.jpg","type":"image\/jpeg"}],"twitter_card":"summary_large_image","twitter_misc":{"Dur\u00e9e de lecture estim\u00e9e":"2 minutes"},"schema":{"@context":"https:\/\/schema.org","@graph":[{"@type":"WebPage","@id":"https:\/\/veloraildelajuine.fr\/index.php\/on-recrute\/","url":"https:\/\/veloraildelajuine.fr\/index.php\/on-recrute\/","name":"On recrute !!! - V\u00e9lorail de la Juine","isPartOf":{"@id":"https:\/\/veloraildelajuine.fr\/#website"},"primaryImageOfPage":{"@id":"https:\/\/veloraildelajuine.fr\/index.php\/on-recrute\/#primaryimage"},"image":{"@id":"https:\/\/veloraildelajuine.fr\/index.php\/on-recrute\/#primaryimage"},"thumbnailUrl":"https:\/\/veloraildelajuine.fr\/wp-content\/uploads\/2025\/01\/2023-05-13-10.23.03-scaled.jpg","datePublished":"2025-04-14T08:32:24+00:00","dateModified":"2025-11-02T08:57:29+00:00","breadcrumb":{"@id":"https:\/\/veloraildelajuine.fr\/index.php\/on-recrute\/#breadcrumb"},"inLanguage":"fr-FR","potentialAction":[{"@type":"ReadAction","target":["https:\/\/veloraildelajuine.fr\/index.php\/on-recrute\/"]}]},{"@type":"ImageObject","inLanguage":"fr-FR","@id":"https:\/\/veloraildelajuine.fr\/index.php\/on-recrute\/#primaryimage","url":"https:\/\/veloraildelajuine.fr\/wp-content\/uploads\/2025\/01\/2023-05-13-10.23.03-scaled.jpg","contentUrl":"https:\/\/veloraildelajuine.fr\/wp-content\/uploads\/2025\/01\/2023-05-13-10.23.03-scaled.jpg","width":2560,"height":1920},{"@type":"BreadcrumbList","@id":"https:\/\/veloraildelajuine.fr\/index.php\/on-recrute\/#breadcrumb","itemListElement":[{"@type":"ListItem","position":1,"name":"Accueil","item":"https:\/\/veloraildelajuine.fr\/"},{"@type":"ListItem","position":2,"name":"On recrute !!!"}]},{"@type":"WebSite","@id":"https:\/\/veloraildelajuine.fr\/#website","url":"https:\/\/veloraildelajuine.fr\/","name":"V\u00e9lorail de la Juine","description":"Un site utilisant WordPress","publisher":{"@id":"https:\/\/veloraildelajuine.fr\/#organization"},"potentialAction":[{"@type":"SearchAction","target":{"@type":"EntryPoint","urlTemplate":"https:\/\/veloraildelajuine.fr\/?s={search_term_string}"},"query-input":{"@type":"PropertyValueSpecification","valueRequired":true,"valueName":"search_term_string"}}],"inLanguage":"fr-FR"},{"@type":"Organization","@id":"https:\/\/veloraildelajuine.fr\/#organization","name":"V\u00e9lorail de la Juine","url":"https:\/\/veloraildelajuine.fr\/","logo":{"@type":"ImageObject","inLanguage":"fr-FR","@id":"https:\/\/veloraildelajuine.fr\/#\/schema\/logo\/image\/","url":"https:\/\/veloraildelajuine.fr\/wp-content\/uploads\/2022\/06\/LOGO-JUINE-VERT-2.png","contentUrl":"https:\/\/veloraildelajuine.fr\/wp-content\/uploads\/2022\/06\/LOGO-JUINE-VERT-2.png","width":768,"height":666,"caption":"V\u00e9lorail de la Juine"},"image":{"@id":"https:\/\/veloraildelajuine.fr\/#\/schema\/logo\/image\/"}}]}},"_links":{"self":[{"href":"https:\/\/veloraildelajuine.fr\/index.php\/wp-json\/wp\/v2\/pages\/1082","targetHints":{"allow":["GET"]}}],"collection":[{"href":"https:\/\/veloraildelajuine.fr\/index.php\/wp-json\/wp\/v2\/pages"}],"about":[{"href":"https:\/\/veloraildelajuine.fr\/index.php\/wp-json\/wp\/v2\/types\/page"}],"author":[{"embeddable":true,"href":"https:\/\/veloraildelajuine.fr\/index.php\/wp-json\/wp\/v2\/users\/2"}],"replies":[{"embeddable":true,"href":"https:\/\/veloraildelajuine.fr\/index.php\/wp-json\/wp\/v2\/comments?post=1082"}],"version-history":[{"count":16,"href":"https:\/\/veloraildelajuine.fr\/index.php\/wp-json\/wp\/v2\/pages\/1082\/revisions"}],"predecessor-version":[{"id":1166,"href":"https:\/\/veloraildelajuine.fr\/index.php\/wp-json\/wp\/v2\/pages\/1082\/revisions\/1166"}],"wp:featuredmedia":[{"embeddable":true,"href":"https:\/\/veloraildelajuine.fr\/index.php\/wp-json\/wp\/v2\/media\/1024"}],"wp:attachment":[{"href":"https:\/\/veloraildelajuine.fr\/index.php\/wp-json\/wp\/v2\/media?parent=1082"}],"curies":[{"name":"wp","href":"https:\/\/api.w.org\/{rel}","templated":true}]}}