{"id":12,"date":"2022-01-12T16:14:45","date_gmt":"2022-01-12T15:14:45","guid":{"rendered":"http:\/\/veloraildelajuine.fr\/?page_id=12"},"modified":"2026-01-25T18:28:51","modified_gmt":"2026-01-25T17:28:51","slug":"horaires-et-tarifs","status":"publish","type":"page","link":"https:\/\/veloraildelajuine.fr\/index.php\/horaires-et-tarifs\/","title":{"rendered":"Horaires et Tarifs"},"content":{"rendered":"\t\t<div data-elementor-type=\"wp-page\" data-elementor-id=\"12\" class=\"elementor elementor-12\">\n\t\t\t\t\t\t<section class=\"elementor-section elementor-top-section elementor-element elementor-element-8c7cc4e elementor-section-boxed elementor-section-height-default elementor-section-height-default\" data-id=\"8c7cc4e\" data-element_type=\"section\" data-e-type=\"section\">\n\t\t\t\t\t\t<div class=\"elementor-container elementor-column-gap-default\">\n\t\t\t\t\t<div class=\"elementor-column elementor-col-100 elementor-top-column elementor-element elementor-element-9392e1d\" data-id=\"9392e1d\" data-element_type=\"column\" data-e-type=\"column\">\n\t\t\t<div class=\"elementor-widget-wrap\">\n\t\t\t\t\t\t\t<\/div>\n\t\t<\/div>\n\t\t\t\t\t<\/div>\n\t\t<\/section>\n\t\t\t\t<section class=\"elementor-section elementor-top-section elementor-element elementor-element-d2303ca elementor-section-height-min-height elementor-section-boxed elementor-section-height-default elementor-section-items-middle\" data-id=\"d2303ca\" data-element_type=\"section\" data-e-type=\"section\">\n\t\t\t\t\t\t<div class=\"elementor-container elementor-column-gap-default\">\n\t\t\t\t\t<div class=\"elementor-column elementor-col-100 elementor-top-column elementor-element elementor-element-4bc2549\" data-id=\"4bc2549\" data-element_type=\"column\" data-e-type=\"column\">\n\t\t\t<div class=\"elementor-widget-wrap elementor-element-populated\">\n\t\t\t\t\t\t<section class=\"elementor-section elementor-inner-section elementor-element elementor-element-1684771 elementor-section-boxed elementor-section-height-default elementor-section-height-default\" data-id=\"1684771\" data-element_type=\"section\" data-e-type=\"section\">\n\t\t\t\t\t\t<div class=\"elementor-container elementor-column-gap-default\">\n\t\t\t\t\t<div class=\"elementor-column elementor-col-100 elementor-inner-column elementor-element elementor-element-1960b48\" data-id=\"1960b48\" data-element_type=\"column\" data-e-type=\"column\" data-settings=\"{&quot;background_background&quot;:&quot;classic&quot;}\">\n\t\t\t<div class=\"elementor-widget-wrap elementor-element-populated\">\n\t\t\t\t\t\t<div class=\"elementor-element elementor-element-115d203 elementor-view-framed elementor-shape-square elementor-widget elementor-widget-icon\" data-id=\"115d203\" data-element_type=\"widget\" data-e-type=\"widget\" data-widget_type=\"icon.default\">\n\t\t\t\t<div class=\"elementor-widget-container\">\n\t\t\t\t\t\t\t<div class=\"elementor-icon-wrapper\">\n\t\t\t<div class=\"elementor-icon\">\n\t\t\t<i aria-hidden=\"true\" class=\"fas fa-quote-right\"><\/i>\t\t\t<\/div>\n\t\t<\/div>\n\t\t\t\t\t\t<\/div>\n\t\t\t\t<\/div>\n\t\t\t\t<div class=\"elementor-element elementor-element-500bc2b elementor-widget elementor-widget-heading\" data-id=\"500bc2b\" data-element_type=\"widget\" data-e-type=\"widget\" data-widget_type=\"heading.default\">\n\t\t\t\t<div class=\"elementor-widget-container\">\n\t\t\t\t\t<h4 class=\"elementor-heading-title elementor-size-default\">Venez vivre une demi-journ\u00e9e riche de sensations !<\/h4>\t\t\t\t<\/div>\n\t\t\t\t<\/div>\n\t\t\t\t<div class=\"elementor-element elementor-element-1cec40b elementor-widget elementor-widget-heading\" data-id=\"1cec40b\" data-element_type=\"widget\" data-e-type=\"widget\" data-widget_type=\"heading.default\">\n\t\t\t\t<div class=\"elementor-widget-container\">\n\t\t\t\t\t<h2 class=\"elementor-heading-title elementor-size-default\">Le v\u00e9lorail circule les week-ends, les mercredis, les jours f\u00e9ri\u00e9s et les vacances...<\/h2>\t\t\t\t<\/div>\n\t\t\t\t<\/div>\n\t\t\t\t<div class=\"elementor-element elementor-element-1817ab8 elementor-widget elementor-widget-text-editor\" data-id=\"1817ab8\" data-element_type=\"widget\" data-e-type=\"widget\" data-widget_type=\"text-editor.default\">\n\t\t\t\t<div class=\"elementor-widget-container\">\n\t\t\t\t\t\t\t\t\t<p>La r\u00e9servation est tr\u00e8s fortement conseill\u00e9e. Choisissez la formule qui vous convient le mieux, afin de confirmer votre r\u00e9servation !<\/p>\t\t\t\t\t\t\t\t<\/div>\n\t\t\t\t<\/div>\n\t\t\t\t\t<\/div>\n\t\t<\/div>\n\t\t\t\t\t<\/div>\n\t\t<\/section>\n\t\t\t\t\t<\/div>\n\t\t<\/div>\n\t\t\t\t\t<\/div>\n\t\t<\/section>\n\t\t\t\t<section class=\"elementor-section elementor-top-section elementor-element elementor-element-9fd9555 elementor-section-boxed elementor-section-height-default elementor-section-height-default\" data-id=\"9fd9555\" data-element_type=\"section\" data-e-type=\"section\">\n\t\t\t\t\t\t<div class=\"elementor-container elementor-column-gap-default\">\n\t\t\t\t\t<div class=\"elementor-column elementor-col-100 elementor-top-column elementor-element elementor-element-36d9afc\" data-id=\"36d9afc\" data-element_type=\"column\" data-e-type=\"column\">\n\t\t\t<div class=\"elementor-widget-wrap elementor-element-populated\">\n\t\t\t\t\t\t<div class=\"elementor-element elementor-element-3f299d8 elementor-widget elementor-widget-heading\" data-id=\"3f299d8\" data-element_type=\"widget\" data-e-type=\"widget\" data-widget_type=\"heading.default\">\n\t\t\t\t<div class=\"elementor-widget-container\">\n\t\t\t\t\t<h4 class=\"elementor-heading-title elementor-size-default\">Choisissez votre horaire !<\/h4>\t\t\t\t<\/div>\n\t\t\t\t<\/div>\n\t\t\t\t\t<\/div>\n\t\t<\/div>\n\t\t\t\t\t<\/div>\n\t\t<\/section>\n\t\t\t\t<section class=\"elementor-section elementor-top-section elementor-element elementor-element-29207fa elementor-section-boxed elementor-section-height-default elementor-section-height-default\" data-id=\"29207fa\" data-element_type=\"section\" data-e-type=\"section\">\n\t\t\t\t\t\t<div class=\"elementor-container elementor-column-gap-default\">\n\t\t\t\t\t<div class=\"elementor-column elementor-col-33 elementor-top-column elementor-element elementor-element-e127974\" data-id=\"e127974\" data-element_type=\"column\" data-e-type=\"column\">\n\t\t\t<div class=\"elementor-widget-wrap elementor-element-populated\">\n\t\t\t\t\t\t<div class=\"elementor-element elementor-element-e10d625 elementor-widget elementor-widget-heading\" data-id=\"e10d625\" data-element_type=\"widget\" data-e-type=\"widget\" data-widget_type=\"heading.default\">\n\t\t\t\t<div class=\"elementor-widget-container\">\n\t\t\t\t\t<h3 class=\"elementor-heading-title elementor-size-default\">Matin<\/h3>\t\t\t\t<\/div>\n\t\t\t\t<\/div>\n\t\t\t\t<div class=\"elementor-element elementor-element-bae758c elementor-widget elementor-widget-heading\" data-id=\"bae758c\" data-element_type=\"widget\" data-e-type=\"widget\" data-widget_type=\"heading.default\">\n\t\t\t\t<div class=\"elementor-widget-container\">\n\t\t\t\t\t<h2 class=\"elementor-heading-title elementor-size-default\">\ud83c\udf05<\/h2>\t\t\t\t<\/div>\n\t\t\t\t<\/div>\n\t\t\t\t<div class=\"elementor-element elementor-element-be4ef05 elementor-widget elementor-widget-heading\" data-id=\"be4ef05\" data-element_type=\"widget\" data-e-type=\"widget\" data-widget_type=\"heading.default\">\n\t\t\t\t<div class=\"elementor-widget-container\">\n\t\t\t\t\t<h4 class=\"elementor-heading-title elementor-size-default\">D\u00e9part 10h30*<\/h4>\t\t\t\t<\/div>\n\t\t\t\t<\/div>\n\t\t\t\t<div class=\"elementor-element elementor-element-50fb80a elementor-widget elementor-widget-text-editor\" data-id=\"50fb80a\" data-element_type=\"widget\" data-e-type=\"widget\" data-widget_type=\"text-editor.default\">\n\t\t\t\t<div class=\"elementor-widget-container\">\n\t\t\t\t\t\t\t\t\t<p>Profitez de la fra\u00eecheur matinale, et de frimas profitables en ces p\u00e9riodes de changement climatique.\u00a0<\/p><p>Vous serez rentr\u00e9s pour d\u00e9jeuner, et pourquoi pas profiter de notre offre de paniers pique-nique !<\/p>\t\t\t\t\t\t\t\t<\/div>\n\t\t\t\t<\/div>\n\t\t\t\t<div class=\"elementor-element elementor-element-a475d62 elementor-widget elementor-widget-image\" data-id=\"a475d62\" data-element_type=\"widget\" data-e-type=\"widget\" data-widget_type=\"image.default\">\n\t\t\t\t<div class=\"elementor-widget-container\">\n\t\t\t\t\t\t\t\t\t\t\t\t\t\t\t<img fetchpriority=\"high\" decoding=\"async\" width=\"800\" height=\"83\" src=\"https:\/\/veloraildelajuine.fr\/wp-content\/uploads\/2022\/06\/pointilles-step-1-1-1024x106.png\" class=\"attachment-large size-large wp-image-234\" alt=\"\" srcset=\"https:\/\/veloraildelajuine.fr\/wp-content\/uploads\/2022\/06\/pointilles-step-1-1-1024x106.png 1024w, https:\/\/veloraildelajuine.fr\/wp-content\/uploads\/2022\/06\/pointilles-step-1-1-300x31.png 300w, https:\/\/veloraildelajuine.fr\/wp-content\/uploads\/2022\/06\/pointilles-step-1-1-768x79.png 768w, https:\/\/veloraildelajuine.fr\/wp-content\/uploads\/2022\/06\/pointilles-step-1-1-1536x159.png 1536w, https:\/\/veloraildelajuine.fr\/wp-content\/uploads\/2022\/06\/pointilles-step-1-1.png 1607w\" sizes=\"(max-width: 800px) 100vw, 800px\" \/>\t\t\t\t\t\t\t\t\t\t\t\t\t\t\t<\/div>\n\t\t\t\t<\/div>\n\t\t\t\t\t<\/div>\n\t\t<\/div>\n\t\t\t\t<div class=\"elementor-column elementor-col-33 elementor-top-column elementor-element elementor-element-205d6ac\" data-id=\"205d6ac\" data-element_type=\"column\" data-e-type=\"column\">\n\t\t\t<div class=\"elementor-widget-wrap elementor-element-populated\">\n\t\t\t\t\t\t<div class=\"elementor-element elementor-element-cec1b1a elementor-widget elementor-widget-heading\" data-id=\"cec1b1a\" data-element_type=\"widget\" data-e-type=\"widget\" data-widget_type=\"heading.default\">\n\t\t\t\t<div class=\"elementor-widget-container\">\n\t\t\t\t\t<h3 class=\"elementor-heading-title elementor-size-default\">Midi<\/h3>\t\t\t\t<\/div>\n\t\t\t\t<\/div>\n\t\t\t\t<div class=\"elementor-element elementor-element-8c94812 elementor-widget elementor-widget-heading\" data-id=\"8c94812\" data-element_type=\"widget\" data-e-type=\"widget\" data-widget_type=\"heading.default\">\n\t\t\t\t<div class=\"elementor-widget-container\">\n\t\t\t\t\t<h2 class=\"elementor-heading-title elementor-size-default\">\u2600\ufe0f<\/h2>\t\t\t\t<\/div>\n\t\t\t\t<\/div>\n\t\t\t\t<div class=\"elementor-element elementor-element-cfee3f7 elementor-widget elementor-widget-heading\" data-id=\"cfee3f7\" data-element_type=\"widget\" data-e-type=\"widget\" data-widget_type=\"heading.default\">\n\t\t\t\t<div class=\"elementor-widget-container\">\n\t\t\t\t\t<h4 class=\"elementor-heading-title elementor-size-default\">D\u00e9part 13h30*<\/h4>\t\t\t\t<\/div>\n\t\t\t\t<\/div>\n\t\t\t\t<div class=\"elementor-element elementor-element-5572ad7 elementor-widget elementor-widget-text-editor\" data-id=\"5572ad7\" data-element_type=\"widget\" data-e-type=\"widget\" data-widget_type=\"text-editor.default\">\n\t\t\t\t<div class=\"elementor-widget-container\">\n\t\t\t\t\t\t\t\t\t<p>Le soleil, d\u00e9j\u00e0 haut, baignera votre balade. Pas d&rsquo;inqui\u00e9tude cependant, nos toits brevet\u00e9s vous assurant l&rsquo;ombrage.<\/p><p>Avant de partir, venez pique niquer !<\/p><p>Le temps de rentrer, il sera l&rsquo;heure de go\u00fbter : rendez-vous \u00e0 la buvette \u00e0 votre retour !<\/p>\t\t\t\t\t\t\t\t<\/div>\n\t\t\t\t<\/div>\n\t\t\t\t<div class=\"elementor-element elementor-element-fd1676c elementor-widget elementor-widget-image\" data-id=\"fd1676c\" data-element_type=\"widget\" data-e-type=\"widget\" data-widget_type=\"image.default\">\n\t\t\t\t<div class=\"elementor-widget-container\">\n\t\t\t\t\t\t\t\t\t\t\t\t\t\t\t<img decoding=\"async\" width=\"800\" height=\"83\" src=\"https:\/\/veloraildelajuine.fr\/wp-content\/uploads\/2022\/06\/pointilles-step-3-1-1024x106.png\" class=\"attachment-large size-large wp-image-236\" alt=\"\" srcset=\"https:\/\/veloraildelajuine.fr\/wp-content\/uploads\/2022\/06\/pointilles-step-3-1-1024x106.png 1024w, https:\/\/veloraildelajuine.fr\/wp-content\/uploads\/2022\/06\/pointilles-step-3-1-300x31.png 300w, https:\/\/veloraildelajuine.fr\/wp-content\/uploads\/2022\/06\/pointilles-step-3-1-768x79.png 768w, https:\/\/veloraildelajuine.fr\/wp-content\/uploads\/2022\/06\/pointilles-step-3-1-1536x159.png 1536w, https:\/\/veloraildelajuine.fr\/wp-content\/uploads\/2022\/06\/pointilles-step-3-1.png 1607w\" sizes=\"(max-width: 800px) 100vw, 800px\" \/>\t\t\t\t\t\t\t\t\t\t\t\t\t\t\t<\/div>\n\t\t\t\t<\/div>\n\t\t\t\t\t<\/div>\n\t\t<\/div>\n\t\t\t\t<div class=\"elementor-column elementor-col-33 elementor-top-column elementor-element elementor-element-690e4a8\" data-id=\"690e4a8\" data-element_type=\"column\" data-e-type=\"column\">\n\t\t\t<div class=\"elementor-widget-wrap elementor-element-populated\">\n\t\t\t\t\t\t<div class=\"elementor-element elementor-element-b32baf6 elementor-widget elementor-widget-heading\" data-id=\"b32baf6\" data-element_type=\"widget\" data-e-type=\"widget\" data-widget_type=\"heading.default\">\n\t\t\t\t<div class=\"elementor-widget-container\">\n\t\t\t\t\t<h3 class=\"elementor-heading-title elementor-size-default\">Soir<\/h3>\t\t\t\t<\/div>\n\t\t\t\t<\/div>\n\t\t\t\t<div class=\"elementor-element elementor-element-ae84c9e elementor-widget elementor-widget-heading\" data-id=\"ae84c9e\" data-element_type=\"widget\" data-e-type=\"widget\" data-widget_type=\"heading.default\">\n\t\t\t\t<div class=\"elementor-widget-container\">\n\t\t\t\t\t<h2 class=\"elementor-heading-title elementor-size-default\">\ud83c\udf07<\/h2>\t\t\t\t<\/div>\n\t\t\t\t<\/div>\n\t\t\t\t<div class=\"elementor-element elementor-element-e13e685 elementor-widget elementor-widget-heading\" data-id=\"e13e685\" data-element_type=\"widget\" data-e-type=\"widget\" data-widget_type=\"heading.default\">\n\t\t\t\t<div class=\"elementor-widget-container\">\n\t\t\t\t\t<h4 class=\"elementor-heading-title elementor-size-default\">D\u00e9part 16H*<\/h4>\t\t\t\t<\/div>\n\t\t\t\t<\/div>\n\t\t\t\t<div class=\"elementor-element elementor-element-ac8a6ce elementor-widget elementor-widget-text-editor\" data-id=\"ac8a6ce\" data-element_type=\"widget\" data-e-type=\"widget\" data-widget_type=\"text-editor.default\">\n\t\t\t\t<div class=\"elementor-widget-container\">\n\t\t\t\t\t\t\t\t\t<p>Au c\u0153ur de l&rsquo;apr\u00e8s-midi, vous voici partis en qu\u00eate de fra\u00eecheur entre rivi\u00e8re et for\u00eat.<\/p>\n<p>Vous serez de retour pile \u00e0 l&rsquo;heure pour l&rsquo;ap\u00e9ro, que vous pourrez prendre \u00e0 votre point de d\u00e9part (avec ou sans alcool, la buvette est ouverte jusque 19h !)<\/p>\t\t\t\t\t\t\t\t<\/div>\n\t\t\t\t<\/div>\n\t\t\t\t<div class=\"elementor-element elementor-element-7a24aec elementor-widget elementor-widget-image\" data-id=\"7a24aec\" data-element_type=\"widget\" data-e-type=\"widget\" data-widget_type=\"image.default\">\n\t\t\t\t<div class=\"elementor-widget-container\">\n\t\t\t\t\t\t\t\t\t\t\t\t\t\t\t<img decoding=\"async\" width=\"800\" height=\"83\" src=\"https:\/\/veloraildelajuine.fr\/wp-content\/uploads\/2022\/06\/pointilles-step-5-1024x106.png\" class=\"attachment-large size-large wp-image-233\" alt=\"\" srcset=\"https:\/\/veloraildelajuine.fr\/wp-content\/uploads\/2022\/06\/pointilles-step-5-1024x106.png 1024w, https:\/\/veloraildelajuine.fr\/wp-content\/uploads\/2022\/06\/pointilles-step-5-300x31.png 300w, https:\/\/veloraildelajuine.fr\/wp-content\/uploads\/2022\/06\/pointilles-step-5-768x79.png 768w, https:\/\/veloraildelajuine.fr\/wp-content\/uploads\/2022\/06\/pointilles-step-5-1536x159.png 1536w, https:\/\/veloraildelajuine.fr\/wp-content\/uploads\/2022\/06\/pointilles-step-5.png 1607w\" sizes=\"(max-width: 800px) 100vw, 800px\" \/>\t\t\t\t\t\t\t\t\t\t\t\t\t\t\t<\/div>\n\t\t\t\t<\/div>\n\t\t\t\t\t<\/div>\n\t\t<\/div>\n\t\t\t\t\t<\/div>\n\t\t<\/section>\n\t\t\t\t<section class=\"elementor-section elementor-top-section elementor-element elementor-element-b0feb9a elementor-section-boxed elementor-section-height-default elementor-section-height-default\" data-id=\"b0feb9a\" data-element_type=\"section\" data-e-type=\"section\">\n\t\t\t\t\t\t<div class=\"elementor-container elementor-column-gap-default\">\n\t\t\t\t\t<div class=\"elementor-column elementor-col-100 elementor-top-column elementor-element elementor-element-f53db1a\" data-id=\"f53db1a\" data-element_type=\"column\" data-e-type=\"column\">\n\t\t\t<div class=\"elementor-widget-wrap elementor-element-populated\">\n\t\t\t\t\t\t<div class=\"elementor-element elementor-element-eadab6b elementor-widget elementor-widget-text-editor\" data-id=\"eadab6b\" data-element_type=\"widget\" data-e-type=\"widget\" data-widget_type=\"text-editor.default\">\n\t\t\t\t<div class=\"elementor-widget-container\">\n\t\t\t\t\t\t\t\t\t<p><em>* en fonction de la saison et du parcours, les horaires peuvent \u00eatre diff\u00e9rents, l&rsquo;horaire pr\u00e9cis est celui de votre facture de r\u00e9servation<\/em><\/p>\t\t\t\t\t\t\t\t<\/div>\n\t\t\t\t<\/div>\n\t\t\t\t\t<\/div>\n\t\t<\/div>\n\t\t\t\t\t<\/div>\n\t\t<\/section>\n\t\t\t\t<section class=\"elementor-section elementor-top-section elementor-element elementor-element-55c14d6 elementor-section-full_width elementor-section-height-default elementor-section-height-default\" data-id=\"55c14d6\" data-element_type=\"section\" data-e-type=\"section\" data-settings=\"{&quot;background_background&quot;:&quot;classic&quot;,&quot;shape_divider_bottom&quot;:&quot;tilt&quot;}\">\n\t\t\t\t\t<div class=\"elementor-shape elementor-shape-bottom\" aria-hidden=\"true\" data-negative=\"false\">\n\t\t\t<svg xmlns=\"http:\/\/www.w3.org\/2000\/svg\" viewBox=\"0 0 1000 100\" preserveAspectRatio=\"none\">\n\t<path class=\"elementor-shape-fill\" d=\"M0,6V0h1000v100L0,6z\"\/>\n<\/svg>\t\t<\/div>\n\t\t\t\t\t<div class=\"elementor-container elementor-column-gap-default\">\n\t\t\t\t\t<div class=\"elementor-column elementor-col-50 elementor-top-column elementor-element elementor-element-115b6f7\" data-id=\"115b6f7\" data-element_type=\"column\" data-e-type=\"column\">\n\t\t\t<div class=\"elementor-widget-wrap elementor-element-populated\">\n\t\t\t\t\t\t<div class=\"elementor-element elementor-element-36d017e elementor-widget elementor-widget-heading\" data-id=\"36d017e\" data-element_type=\"widget\" data-e-type=\"widget\" data-widget_type=\"heading.default\">\n\t\t\t\t<div class=\"elementor-widget-container\">\n\t\t\t\t\t<h4 class=\"elementor-heading-title elementor-size-default\">Combien \u00e7a co\u00fbte ?<\/h4>\t\t\t\t<\/div>\n\t\t\t\t<\/div>\n\t\t\t\t<div class=\"elementor-element elementor-element-f8c151b elementor-headline--style-highlight elementor-widget elementor-widget-animated-headline\" data-id=\"f8c151b\" data-element_type=\"widget\" data-e-type=\"widget\" data-settings=\"{&quot;highlighted_text&quot;:&quot;45\\u20ac&quot;,&quot;headline_style&quot;:&quot;highlight&quot;,&quot;marker&quot;:&quot;circle&quot;,&quot;loop&quot;:&quot;yes&quot;,&quot;highlight_animation_duration&quot;:1200,&quot;highlight_iteration_delay&quot;:8000}\" data-widget_type=\"animated-headline.default\">\n\t\t\t\t<div class=\"elementor-widget-container\">\n\t\t\t\t\t\t\t<h3 class=\"elementor-headline\">\n\t\t\t\t\t<span class=\"elementor-headline-plain-text elementor-headline-text-wrapper\">Un tarif unique :<\/span>\n\t\t\t\t<span class=\"elementor-headline-dynamic-wrapper elementor-headline-text-wrapper\">\n\t\t\t\t\t<span class=\"elementor-headline-dynamic-text elementor-headline-text-active\">45\u20ac<\/span>\n\t\t\t\t<\/span>\n\t\t\t\t\t<span class=\"elementor-headline-plain-text elementor-headline-text-wrapper\">par v\u00e9lorail !<\/span>\n\t\t\t\t\t<\/h3>\n\t\t\t\t\t\t<\/div>\n\t\t\t\t<\/div>\n\t\t\t\t<div class=\"elementor-element elementor-element-6b37334 elementor-widget elementor-widget-text-editor\" data-id=\"6b37334\" data-element_type=\"widget\" data-e-type=\"widget\" data-widget_type=\"text-editor.default\">\n\t\t\t\t<div class=\"elementor-widget-container\">\n\t\t\t\t\t\t\t\t\t<p>Le v\u00e9lorail est une activit\u00e9 familiale,<strong>\u00a0populaire et abordable.\u00a0<\/strong><\/p><p>Votre embarcation vous permet d&rsquo;accueillir jusqu&rsquo;\u00e0 6 personnes (selon conditions), pour un\u00a0<strong>tarif unique de 45\u20ac, soit moins de 9\u20ac par personne. Si vous \u00eates 2, 3 ou 4, tarif r\u00e9duit \u00e0 10\u20ac par personne le samedi matin (hors juillet et ao\u00fbt, r\u00e9servation par simple mail \u00e0 l&rsquo;adresse contact@veloraildelajuine.fr) !!!\u00a0<\/strong><\/p>\t\t\t\t\t\t\t\t<\/div>\n\t\t\t\t<\/div>\n\t\t\t\t<div class=\"elementor-element elementor-element-c8285f9 elementor-widget elementor-widget-button\" data-id=\"c8285f9\" data-element_type=\"widget\" data-e-type=\"widget\" data-widget_type=\"button.default\">\n\t\t\t\t<div class=\"elementor-widget-container\">\n\t\t\t\t\t\t\t\t\t<div class=\"elementor-button-wrapper\">\n\t\t\t\t\t<a class=\"elementor-button elementor-button-link elementor-size-sm elementor-animation-pop\" href=\"http:\/\/veloraildelajuine.fr\/index.php\/reserver\/\">\n\t\t\t\t\t\t<span class=\"elementor-button-content-wrapper\">\n\t\t\t\t\t\t\t\t\t<span class=\"elementor-button-text\">Je r\u00e9serve !<\/span>\n\t\t\t\t\t<\/span>\n\t\t\t\t\t<\/a>\n\t\t\t\t<\/div>\n\t\t\t\t\t\t\t\t<\/div>\n\t\t\t\t<\/div>\n\t\t\t\t\t<\/div>\n\t\t<\/div>\n\t\t\t\t<div class=\"elementor-column elementor-col-50 elementor-top-column elementor-element elementor-element-2d6d42d\" data-id=\"2d6d42d\" data-element_type=\"column\" data-e-type=\"column\">\n\t\t\t<div class=\"elementor-widget-wrap elementor-element-populated\">\n\t\t\t\t\t\t<div class=\"elementor-element elementor-element-7bc58e0 elementor-widget__width-initial elementor-absolute elementor-widget-tablet__width-initial elementor-widget-mobile__width-initial elementor-hidden-mobile elementor-widget elementor-widget-image\" data-id=\"7bc58e0\" data-element_type=\"widget\" data-e-type=\"widget\" data-settings=\"{&quot;_position&quot;:&quot;absolute&quot;,&quot;motion_fx_motion_fx_scrolling&quot;:&quot;yes&quot;,&quot;motion_fx_translateY_effect&quot;:&quot;yes&quot;,&quot;motion_fx_translateY_direction&quot;:&quot;negative&quot;,&quot;motion_fx_translateY_speed&quot;:{&quot;unit&quot;:&quot;px&quot;,&quot;size&quot;:&quot;1.5&quot;,&quot;sizes&quot;:[]},&quot;motion_fx_translateY_affectedRange&quot;:{&quot;unit&quot;:&quot;%&quot;,&quot;size&quot;:&quot;&quot;,&quot;sizes&quot;:{&quot;start&quot;:0,&quot;end&quot;:100}},&quot;motion_fx_devices&quot;:[&quot;desktop&quot;,&quot;tablet&quot;,&quot;mobile&quot;]}\" data-widget_type=\"image.default\">\n\t\t\t\t<div class=\"elementor-widget-container\">\n\t\t\t\t\t\t\t\t\t\t\t\t\t\t\t<img loading=\"lazy\" decoding=\"async\" width=\"800\" height=\"533\" src=\"https:\/\/veloraildelajuine.fr\/wp-content\/uploads\/2022\/06\/reservez-par-email.jpg\" class=\"attachment-large size-large wp-image-171\" alt=\"\" srcset=\"https:\/\/veloraildelajuine.fr\/wp-content\/uploads\/2022\/06\/reservez-par-email.jpg 806w, https:\/\/veloraildelajuine.fr\/wp-content\/uploads\/2022\/06\/reservez-par-email-300x200.jpg 300w, https:\/\/veloraildelajuine.fr\/wp-content\/uploads\/2022\/06\/reservez-par-email-768x512.jpg 768w\" sizes=\"(max-width: 800px) 100vw, 800px\" \/>\t\t\t\t\t\t\t\t\t\t\t\t\t\t\t<\/div>\n\t\t\t\t<\/div>\n\t\t\t\t<div class=\"elementor-element elementor-element-d68c430 elementor-widget__width-initial elementor-absolute elementor-widget-tablet__width-initial elementor-widget-mobile__width-initial elementor-hidden-mobile elementor-widget elementor-widget-image\" data-id=\"d68c430\" data-element_type=\"widget\" data-e-type=\"widget\" data-settings=\"{&quot;_position&quot;:&quot;absolute&quot;,&quot;motion_fx_motion_fx_scrolling&quot;:&quot;yes&quot;,&quot;motion_fx_translateY_effect&quot;:&quot;yes&quot;,&quot;motion_fx_translateY_speed&quot;:{&quot;unit&quot;:&quot;px&quot;,&quot;size&quot;:&quot;1&quot;,&quot;sizes&quot;:[]},&quot;motion_fx_translateY_affectedRange&quot;:{&quot;unit&quot;:&quot;%&quot;,&quot;size&quot;:&quot;&quot;,&quot;sizes&quot;:{&quot;start&quot;:0,&quot;end&quot;:100}},&quot;motion_fx_devices&quot;:[&quot;desktop&quot;,&quot;tablet&quot;,&quot;mobile&quot;]}\" data-widget_type=\"image.default\">\n\t\t\t\t<div class=\"elementor-widget-container\">\n\t\t\t\t\t\t\t\t\t\t\t\t\t\t\t<img loading=\"lazy\" decoding=\"async\" width=\"800\" height=\"600\" src=\"https:\/\/veloraildelajuine.fr\/wp-content\/uploads\/2022\/06\/velorail-juine-photo-ensemble-3.jpg\" class=\"attachment-large size-large wp-image-109\" alt=\"\" srcset=\"https:\/\/veloraildelajuine.fr\/wp-content\/uploads\/2022\/06\/velorail-juine-photo-ensemble-3.jpg 1024w, https:\/\/veloraildelajuine.fr\/wp-content\/uploads\/2022\/06\/velorail-juine-photo-ensemble-3-300x225.jpg 300w, https:\/\/veloraildelajuine.fr\/wp-content\/uploads\/2022\/06\/velorail-juine-photo-ensemble-3-768x576.jpg 768w\" sizes=\"(max-width: 800px) 100vw, 800px\" \/>\t\t\t\t\t\t\t\t\t\t\t\t\t\t\t<\/div>\n\t\t\t\t<\/div>\n\t\t\t\t\t<\/div>\n\t\t<\/div>\n\t\t\t\t\t<\/div>\n\t\t<\/section>\n\t\t\t\t<section class=\"elementor-section elementor-top-section elementor-element elementor-element-38a117f elementor-section-boxed elementor-section-height-default elementor-section-height-default\" data-id=\"38a117f\" data-element_type=\"section\" data-e-type=\"section\">\n\t\t\t\t\t\t<div class=\"elementor-container elementor-column-gap-default\">\n\t\t\t\t\t<div class=\"elementor-column elementor-col-100 elementor-top-column elementor-element elementor-element-a89f6f4\" data-id=\"a89f6f4\" data-element_type=\"column\" data-e-type=\"column\">\n\t\t\t<div class=\"elementor-widget-wrap elementor-element-populated\">\n\t\t\t\t\t\t<div class=\"elementor-element elementor-element-ff8fdc9 elementor-widget elementor-widget-text-editor\" data-id=\"ff8fdc9\" data-element_type=\"widget\" data-e-type=\"widget\" data-widget_type=\"text-editor.default\">\n\t\t\t\t<div class=\"elementor-widget-container\">\n\t\t\t\t\t\t\t\t\t<p>Pour le paiement, c&rsquo;est en ligne par carte bancaire lors de la r\u00e9servation. Si vous disposez de ch\u00e8ques vacances (papier ou connect), venez avec lors de votre visite, nous recr\u00e9diterons alors le montant r\u00e9gl\u00e9 en ch\u00e8ques vacances sur la carte bancaire utilis\u00e9e lors du paiement.<\/p>\t\t\t\t\t\t\t\t<\/div>\n\t\t\t\t<\/div>\n\t\t\t\t\t<\/div>\n\t\t<\/div>\n\t\t\t\t\t<\/div>\n\t\t<\/section>\n\t\t\t\t<\/div>\n\t\t","protected":false},"excerpt":{"rendered":"<p>Venez vivre une demi-journ\u00e9e riche de sensations ! Le v\u00e9lorail circule les week-ends, les mercredis, les jours f\u00e9ri\u00e9s et les vacances&#8230; La r\u00e9servation est tr\u00e8s fortement conseill\u00e9e. Choisissez la formule qui vous convient le mieux, afin de confirmer votre r\u00e9servation ! Choisissez votre horaire ! Matin \ud83c\udf05 D\u00e9part 10h30* Profitez de la fra\u00eecheur matinale, et [&hellip;]<\/p>\n","protected":false},"author":1,"featured_media":111,"parent":0,"menu_order":0,"comment_status":"closed","ping_status":"closed","template":"","meta":{"footnotes":""},"class_list":["post-12","page","type-page","status-publish","has-post-thumbnail","hentry"],"yoast_head":"<!-- This site is optimized with the Yoast SEO plugin v27.5 - https:\/\/yoast.com\/product\/yoast-seo-wordpress\/ -->\n<title>Horaires et Tarifs - V\u00e9lorail de la Juine<\/title>\n<meta name=\"robots\" content=\"index, follow, max-snippet:-1, max-image-preview:large, max-video-preview:-1\" \/>\n<link rel=\"canonical\" href=\"https:\/\/veloraildelajuine.fr\/index.php\/horaires-et-tarifs\/\" \/>\n<meta property=\"og:locale\" content=\"fr_FR\" \/>\n<meta property=\"og:type\" content=\"article\" \/>\n<meta property=\"og:title\" content=\"Horaires et Tarifs - V\u00e9lorail de la Juine\" \/>\n<meta property=\"og:description\" content=\"Venez vivre une demi-journ\u00e9e riche de sensations ! Le v\u00e9lorail circule les week-ends, les mercredis, les jours f\u00e9ri\u00e9s et les vacances&#8230; La r\u00e9servation est tr\u00e8s fortement conseill\u00e9e. Choisissez la formule qui vous convient le mieux, afin de confirmer votre r\u00e9servation ! Choisissez votre horaire ! Matin \ud83c\udf05 D\u00e9part 10h30* Profitez de la fra\u00eecheur matinale, et [&hellip;]\" \/>\n<meta property=\"og:url\" content=\"https:\/\/veloraildelajuine.fr\/index.php\/horaires-et-tarifs\/\" \/>\n<meta property=\"og:site_name\" content=\"V\u00e9lorail de la Juine\" \/>\n<meta property=\"article:modified_time\" content=\"2026-01-25T17:28:51+00:00\" \/>\n<meta property=\"og:image\" content=\"https:\/\/veloraildelajuine.fr\/wp-content\/uploads\/2022\/06\/velorail-juine-photo-famille-2.jpg\" \/>\n\t<meta property=\"og:image:width\" content=\"1024\" \/>\n\t<meta property=\"og:image:height\" content=\"768\" \/>\n\t<meta property=\"og:image:type\" content=\"image\/jpeg\" \/>\n<meta name=\"twitter:card\" content=\"summary_large_image\" \/>\n<meta name=\"twitter:label1\" content=\"Dur\u00e9e de lecture estim\u00e9e\" \/>\n\t<meta name=\"twitter:data1\" content=\"4 minutes\" \/>\n<script type=\"application\/ld+json\" class=\"yoast-schema-graph\">{\"@context\":\"https:\\\/\\\/schema.org\",\"@graph\":[{\"@type\":\"WebPage\",\"@id\":\"https:\\\/\\\/veloraildelajuine.fr\\\/index.php\\\/horaires-et-tarifs\\\/\",\"url\":\"https:\\\/\\\/veloraildelajuine.fr\\\/index.php\\\/horaires-et-tarifs\\\/\",\"name\":\"Horaires et Tarifs - V\u00e9lorail de la Juine\",\"isPartOf\":{\"@id\":\"https:\\\/\\\/veloraildelajuine.fr\\\/#website\"},\"primaryImageOfPage\":{\"@id\":\"https:\\\/\\\/veloraildelajuine.fr\\\/index.php\\\/horaires-et-tarifs\\\/#primaryimage\"},\"image\":{\"@id\":\"https:\\\/\\\/veloraildelajuine.fr\\\/index.php\\\/horaires-et-tarifs\\\/#primaryimage\"},\"thumbnailUrl\":\"https:\\\/\\\/veloraildelajuine.fr\\\/wp-content\\\/uploads\\\/2022\\\/06\\\/velorail-juine-photo-famille-2.jpg\",\"datePublished\":\"2022-01-12T15:14:45+00:00\",\"dateModified\":\"2026-01-25T17:28:51+00:00\",\"breadcrumb\":{\"@id\":\"https:\\\/\\\/veloraildelajuine.fr\\\/index.php\\\/horaires-et-tarifs\\\/#breadcrumb\"},\"inLanguage\":\"fr-FR\",\"potentialAction\":[{\"@type\":\"ReadAction\",\"target\":[\"https:\\\/\\\/veloraildelajuine.fr\\\/index.php\\\/horaires-et-tarifs\\\/\"]}]},{\"@type\":\"ImageObject\",\"inLanguage\":\"fr-FR\",\"@id\":\"https:\\\/\\\/veloraildelajuine.fr\\\/index.php\\\/horaires-et-tarifs\\\/#primaryimage\",\"url\":\"https:\\\/\\\/veloraildelajuine.fr\\\/wp-content\\\/uploads\\\/2022\\\/06\\\/velorail-juine-photo-famille-2.jpg\",\"contentUrl\":\"https:\\\/\\\/veloraildelajuine.fr\\\/wp-content\\\/uploads\\\/2022\\\/06\\\/velorail-juine-photo-famille-2.jpg\",\"width\":1024,\"height\":768},{\"@type\":\"BreadcrumbList\",\"@id\":\"https:\\\/\\\/veloraildelajuine.fr\\\/index.php\\\/horaires-et-tarifs\\\/#breadcrumb\",\"itemListElement\":[{\"@type\":\"ListItem\",\"position\":1,\"name\":\"Accueil\",\"item\":\"https:\\\/\\\/veloraildelajuine.fr\\\/\"},{\"@type\":\"ListItem\",\"position\":2,\"name\":\"Horaires et Tarifs\"}]},{\"@type\":\"WebSite\",\"@id\":\"https:\\\/\\\/veloraildelajuine.fr\\\/#website\",\"url\":\"https:\\\/\\\/veloraildelajuine.fr\\\/\",\"name\":\"V\u00e9lorail de la Juine\",\"description\":\"Un site utilisant WordPress\",\"publisher\":{\"@id\":\"https:\\\/\\\/veloraildelajuine.fr\\\/#organization\"},\"potentialAction\":[{\"@type\":\"SearchAction\",\"target\":{\"@type\":\"EntryPoint\",\"urlTemplate\":\"https:\\\/\\\/veloraildelajuine.fr\\\/?s={search_term_string}\"},\"query-input\":{\"@type\":\"PropertyValueSpecification\",\"valueRequired\":true,\"valueName\":\"search_term_string\"}}],\"inLanguage\":\"fr-FR\"},{\"@type\":\"Organization\",\"@id\":\"https:\\\/\\\/veloraildelajuine.fr\\\/#organization\",\"name\":\"V\u00e9lorail de la Juine\",\"url\":\"https:\\\/\\\/veloraildelajuine.fr\\\/\",\"logo\":{\"@type\":\"ImageObject\",\"inLanguage\":\"fr-FR\",\"@id\":\"https:\\\/\\\/veloraildelajuine.fr\\\/#\\\/schema\\\/logo\\\/image\\\/\",\"url\":\"https:\\\/\\\/veloraildelajuine.fr\\\/wp-content\\\/uploads\\\/2022\\\/06\\\/LOGO-JUINE-VERT-2.png\",\"contentUrl\":\"https:\\\/\\\/veloraildelajuine.fr\\\/wp-content\\\/uploads\\\/2022\\\/06\\\/LOGO-JUINE-VERT-2.png\",\"width\":768,\"height\":666,\"caption\":\"V\u00e9lorail de la Juine\"},\"image\":{\"@id\":\"https:\\\/\\\/veloraildelajuine.fr\\\/#\\\/schema\\\/logo\\\/image\\\/\"}}]}<\/script>\n<!-- \/ Yoast SEO plugin. -->","yoast_head_json":{"title":"Horaires et Tarifs - V\u00e9lorail de la Juine","robots":{"index":"index","follow":"follow","max-snippet":"max-snippet:-1","max-image-preview":"max-image-preview:large","max-video-preview":"max-video-preview:-1"},"canonical":"https:\/\/veloraildelajuine.fr\/index.php\/horaires-et-tarifs\/","og_locale":"fr_FR","og_type":"article","og_title":"Horaires et Tarifs - V\u00e9lorail de la Juine","og_description":"Venez vivre une demi-journ\u00e9e riche de sensations ! Le v\u00e9lorail circule les week-ends, les mercredis, les jours f\u00e9ri\u00e9s et les vacances&#8230; La r\u00e9servation est tr\u00e8s fortement conseill\u00e9e. Choisissez la formule qui vous convient le mieux, afin de confirmer votre r\u00e9servation ! Choisissez votre horaire ! Matin \ud83c\udf05 D\u00e9part 10h30* Profitez de la fra\u00eecheur matinale, et [&hellip;]","og_url":"https:\/\/veloraildelajuine.fr\/index.php\/horaires-et-tarifs\/","og_site_name":"V\u00e9lorail de la Juine","article_modified_time":"2026-01-25T17:28:51+00:00","og_image":[{"width":1024,"height":768,"url":"https:\/\/veloraildelajuine.fr\/wp-content\/uploads\/2022\/06\/velorail-juine-photo-famille-2.jpg","type":"image\/jpeg"}],"twitter_card":"summary_large_image","twitter_misc":{"Dur\u00e9e de lecture estim\u00e9e":"4 minutes"},"schema":{"@context":"https:\/\/schema.org","@graph":[{"@type":"WebPage","@id":"https:\/\/veloraildelajuine.fr\/index.php\/horaires-et-tarifs\/","url":"https:\/\/veloraildelajuine.fr\/index.php\/horaires-et-tarifs\/","name":"Horaires et Tarifs - V\u00e9lorail de la Juine","isPartOf":{"@id":"https:\/\/veloraildelajuine.fr\/#website"},"primaryImageOfPage":{"@id":"https:\/\/veloraildelajuine.fr\/index.php\/horaires-et-tarifs\/#primaryimage"},"image":{"@id":"https:\/\/veloraildelajuine.fr\/index.php\/horaires-et-tarifs\/#primaryimage"},"thumbnailUrl":"https:\/\/veloraildelajuine.fr\/wp-content\/uploads\/2022\/06\/velorail-juine-photo-famille-2.jpg","datePublished":"2022-01-12T15:14:45+00:00","dateModified":"2026-01-25T17:28:51+00:00","breadcrumb":{"@id":"https:\/\/veloraildelajuine.fr\/index.php\/horaires-et-tarifs\/#breadcrumb"},"inLanguage":"fr-FR","potentialAction":[{"@type":"ReadAction","target":["https:\/\/veloraildelajuine.fr\/index.php\/horaires-et-tarifs\/"]}]},{"@type":"ImageObject","inLanguage":"fr-FR","@id":"https:\/\/veloraildelajuine.fr\/index.php\/horaires-et-tarifs\/#primaryimage","url":"https:\/\/veloraildelajuine.fr\/wp-content\/uploads\/2022\/06\/velorail-juine-photo-famille-2.jpg","contentUrl":"https:\/\/veloraildelajuine.fr\/wp-content\/uploads\/2022\/06\/velorail-juine-photo-famille-2.jpg","width":1024,"height":768},{"@type":"BreadcrumbList","@id":"https:\/\/veloraildelajuine.fr\/index.php\/horaires-et-tarifs\/#breadcrumb","itemListElement":[{"@type":"ListItem","position":1,"name":"Accueil","item":"https:\/\/veloraildelajuine.fr\/"},{"@type":"ListItem","position":2,"name":"Horaires et Tarifs"}]},{"@type":"WebSite","@id":"https:\/\/veloraildelajuine.fr\/#website","url":"https:\/\/veloraildelajuine.fr\/","name":"V\u00e9lorail de la Juine","description":"Un site utilisant WordPress","publisher":{"@id":"https:\/\/veloraildelajuine.fr\/#organization"},"potentialAction":[{"@type":"SearchAction","target":{"@type":"EntryPoint","urlTemplate":"https:\/\/veloraildelajuine.fr\/?s={search_term_string}"},"query-input":{"@type":"PropertyValueSpecification","valueRequired":true,"valueName":"search_term_string"}}],"inLanguage":"fr-FR"},{"@type":"Organization","@id":"https:\/\/veloraildelajuine.fr\/#organization","name":"V\u00e9lorail de la Juine","url":"https:\/\/veloraildelajuine.fr\/","logo":{"@type":"ImageObject","inLanguage":"fr-FR","@id":"https:\/\/veloraildelajuine.fr\/#\/schema\/logo\/image\/","url":"https:\/\/veloraildelajuine.fr\/wp-content\/uploads\/2022\/06\/LOGO-JUINE-VERT-2.png","contentUrl":"https:\/\/veloraildelajuine.fr\/wp-content\/uploads\/2022\/06\/LOGO-JUINE-VERT-2.png","width":768,"height":666,"caption":"V\u00e9lorail de la Juine"},"image":{"@id":"https:\/\/veloraildelajuine.fr\/#\/schema\/logo\/image\/"}}]}},"_links":{"self":[{"href":"https:\/\/veloraildelajuine.fr\/index.php\/wp-json\/wp\/v2\/pages\/12","targetHints":{"allow":["GET"]}}],"collection":[{"href":"https:\/\/veloraildelajuine.fr\/index.php\/wp-json\/wp\/v2\/pages"}],"about":[{"href":"https:\/\/veloraildelajuine.fr\/index.php\/wp-json\/wp\/v2\/types\/page"}],"author":[{"embeddable":true,"href":"https:\/\/veloraildelajuine.fr\/index.php\/wp-json\/wp\/v2\/users\/1"}],"replies":[{"embeddable":true,"href":"https:\/\/veloraildelajuine.fr\/index.php\/wp-json\/wp\/v2\/comments?post=12"}],"version-history":[{"count":91,"href":"https:\/\/veloraildelajuine.fr\/index.php\/wp-json\/wp\/v2\/pages\/12\/revisions"}],"predecessor-version":[{"id":1200,"href":"https:\/\/veloraildelajuine.fr\/index.php\/wp-json\/wp\/v2\/pages\/12\/revisions\/1200"}],"wp:featuredmedia":[{"embeddable":true,"href":"https:\/\/veloraildelajuine.fr\/index.php\/wp-json\/wp\/v2\/media\/111"}],"wp:attachment":[{"href":"https:\/\/veloraildelajuine.fr\/index.php\/wp-json\/wp\/v2\/media?parent=12"}],"curies":[{"name":"wp","href":"https:\/\/api.w.org\/{rel}","templated":true}]}}