{"id":692,"date":"2022-06-29T08:53:40","date_gmt":"2022-06-29T06:53:40","guid":{"rendered":"https:\/\/veloraildelajuine.fr\/?page_id=692"},"modified":"2022-06-29T08:54:20","modified_gmt":"2022-06-29T06:54:20","slug":"conditions-generales-de-vente","status":"publish","type":"page","link":"https:\/\/veloraildelajuine.fr\/index.php\/conditions-generales-de-vente\/","title":{"rendered":"Conditions g\u00e9n\u00e9rales de vente"},"content":{"rendered":"\t\t<div data-elementor-type=\"wp-page\" data-elementor-id=\"692\" class=\"elementor elementor-692\">\n\t\t\t\t\t\t<section class=\"elementor-section elementor-top-section elementor-element elementor-element-df94a14 elementor-section-boxed elementor-section-height-default elementor-section-height-default\" data-id=\"df94a14\" data-element_type=\"section\" data-e-type=\"section\">\n\t\t\t\t\t\t<div class=\"elementor-container elementor-column-gap-default\">\n\t\t\t\t\t<div class=\"elementor-column elementor-col-100 elementor-top-column elementor-element elementor-element-78e3203\" data-id=\"78e3203\" data-element_type=\"column\" data-e-type=\"column\">\n\t\t\t<div class=\"elementor-widget-wrap elementor-element-populated\">\n\t\t\t\t\t\t<div class=\"elementor-element elementor-element-594c4ff elementor-widget elementor-widget-text-editor\" data-id=\"594c4ff\" data-element_type=\"widget\" data-e-type=\"widget\" data-widget_type=\"text-editor.default\">\n\t\t\t\t<div class=\"elementor-widget-container\">\n\t\t\t\t\t\t\t\t\t<p><b>Article 1\u00a0: Titre de transport et conditions de vente<\/b><\/p><p><span style=\"font-weight: 400;\">Le titre de transport ne sera d\u00e9livr\u00e9 d\u00e9finitivement qu\u2019apr\u00e8s acquittement de son montant total soit<\/span><\/p><ul><li style=\"font-weight: 400;\" aria-level=\"1\"><b>par paiement en ligne :<\/b><span style=\"font-weight: 400;\">\u00a0Les informations li\u00e9es \u00e0 la r\u00e9servation de nos prestations sont stock\u00e9es chez un service tiers, CheckFront, vous pouvez consulter leur politique de confidentialit\u00e9 en cliquant ici (<\/span><a href=\"https:\/\/www.checkfront.com\/privacy\/\"><b>https:\/\/www.checkfront.com\/privacy<\/b><\/a><span style=\"font-weight: 400;\">). Nous nous sommes assur\u00e9s qu\u2019ils n\u2019exploitent pas et ne revendent pas vos donn\u00e9es personnelles. Les donn\u00e9es cartes bancaires sont enregistr\u00e9es sur une plateforme de paiement s\u00e9curis\u00e9e.<\/span><\/li><li style=\"font-weight: 400;\" aria-level=\"1\"><b>par ch\u00e8que bancaire adress\u00e9 \u00e0\u00a0:<\/b><span style=\"font-weight: 400;\"><br \/><\/span><span style=\"font-weight: 400;\">RAILVERT, RD49 \u2013 Le Moulin\u00a0; 91690 Saint Cyr La Rivi\u00e8re<\/span><\/li><li style=\"font-weight: 400;\" aria-level=\"1\"><b>au guichet de la gare de d\u00e9part<\/b><span style=\"font-weight: 400;\">\u00a0(en fonction des places disponibles) en esp\u00e8ces ou par ch\u00e8ques.<\/span><\/li><\/ul><p><b>Article 2\u00a0: Tarifs<\/b><\/p><p><span style=\"font-weight: 400;\">Prix en euros aller\/retour, TVA incluse.<\/span><span style=\"font-weight: 400;\"><br \/><\/span><span style=\"font-weight: 400;\">Tarification reprise sur le site <\/span><a href=\"http:\/\/www.veloraildelajuine.fr\"><span style=\"font-weight: 400;\">www.veloraildelajuine.fr<\/span><\/a><\/p><p><b>Article 3\u00a0: Annulation<\/b><\/p><p><span style=\"font-weight: 400;\">Dans le cas d\u2019annulation du fait du client aucun remboursement ne sera accord\u00e9 sauf en cas de force majeure.<\/span><\/p><p><b>Article 4\u00a0: Obligation du prestataire envers le client, annulation sans pr\u00e9avis<\/b><\/p><p><span style=\"font-weight: 400;\">En cas d\u2019\u00e9v\u00e8nements exceptionnels, cas de force majeure, d\u2019\u00e9v\u00e8nements impr\u00e9visibles, ou pour assurer la s\u00e9curit\u00e9 des participants, le prestataire se r\u00e9serve la possibilit\u00e9 d\u2019annuler les circulations touristiques. Dans ce cas le client aura la possibilit\u00e9 de reporter la prestation \u00e0 une autre date de son choix. Il ne sera pas proc\u00e9d\u00e9 au remboursement de la prestation.<\/span><\/p><p><b>Article 5\u00a0: Clause de remboursement de la prestation<\/b><\/p><p><span style=\"font-weight: 400;\">Dans le cas o\u00f9 le client serait contraint, d\u2019annuler son voyage et qu\u2019il apporterait la preuve d\u2019un cas de force majeure, le prestataire conserverait 10 % du montant de la prestation au titre des frais de dossier.<\/span><\/p><p><b>Article 6\u00a0: Cas de force majeure<\/b><\/p><p><span style=\"font-weight: 400;\">En cas de force majeure, \u00e9v\u00e8nements impr\u00e9visibles, irr\u00e9sistibles ou ind\u00e9pendants de sa volont\u00e9, la partie concern\u00e9e doit n\u00e9anmoins informer l\u2019autre partie par tous les moyens possibles afin de limiter les dommages potentiels.<\/span><\/p><p><b>Article 7\u00a0: R\u00e9clamations<\/b><\/p><p><span style=\"font-weight: 400;\">Toute contestation ou r\u00e9clamation ne pourra \u00eatre prise en consid\u00e9ration que si elle est formul\u00e9e par \u00e9crit et adress\u00e9e par pli recommand\u00e9 au prestataire (RAILVERT, RD49 \u2013 Le Moulin\u00a0; 91690 Saint Cyr La Rivi\u00e8re) dans un d\u00e9lai de 8 jours maximum, apr\u00e8s date de la prestation r\u00e9alis\u00e9e.<\/span><\/p><p><b>Article 8 : Attribution de juridiction<\/b><\/p><p><span style=\"font-weight: 400;\">Tout litige qui n\u2019aurait pu \u00eatre r\u00e9gl\u00e9 \u00e0 l\u2019amiable, relatif \u00e0 la validit\u00e9, l\u2019interpr\u00e9tation, l\u2019ex\u00e9cution du pr\u00e9sent contrat, sera soumis \u00e0 l\u2019appr\u00e9ciation du Tribunal de commerce d\u2019Evry.<\/span><\/p><p><br \/><br \/><\/p>\t\t\t\t\t\t\t\t<\/div>\n\t\t\t\t<\/div>\n\t\t\t\t\t<\/div>\n\t\t<\/div>\n\t\t\t\t\t<\/div>\n\t\t<\/section>\n\t\t\t\t<\/div>\n\t\t","protected":false},"excerpt":{"rendered":"<p>Article 1\u00a0: Titre de transport et conditions de vente Le titre de transport ne sera d\u00e9livr\u00e9 d\u00e9finitivement qu\u2019apr\u00e8s acquittement de son montant total soit par paiement en ligne :\u00a0Les informations li\u00e9es \u00e0 la r\u00e9servation de nos prestations sont stock\u00e9es chez un service tiers, CheckFront, vous pouvez consulter leur politique de confidentialit\u00e9 en cliquant ici (https:\/\/www.checkfront.com\/privacy). [&hellip;]<\/p>\n","protected":false},"author":1,"featured_media":453,"parent":0,"menu_order":0,"comment_status":"closed","ping_status":"closed","template":"","meta":{"footnotes":""},"class_list":["post-692","page","type-page","status-publish","has-post-thumbnail","hentry"],"yoast_head":"<!-- This site is optimized with the Yoast SEO plugin v27.5 - https:\/\/yoast.com\/product\/yoast-seo-wordpress\/ -->\n<title>Conditions g\u00e9n\u00e9rales de vente - V\u00e9lorail de la Juine<\/title>\n<meta name=\"robots\" content=\"index, follow, max-snippet:-1, max-image-preview:large, max-video-preview:-1\" \/>\n<link rel=\"canonical\" href=\"https:\/\/veloraildelajuine.fr\/index.php\/conditions-generales-de-vente\/\" \/>\n<meta property=\"og:locale\" content=\"fr_FR\" \/>\n<meta property=\"og:type\" content=\"article\" \/>\n<meta property=\"og:title\" content=\"Conditions g\u00e9n\u00e9rales de vente - V\u00e9lorail de la Juine\" \/>\n<meta property=\"og:description\" content=\"Article 1\u00a0: Titre de transport et conditions de vente Le titre de transport ne sera d\u00e9livr\u00e9 d\u00e9finitivement qu\u2019apr\u00e8s acquittement de son montant total soit par paiement en ligne :\u00a0Les informations li\u00e9es \u00e0 la r\u00e9servation de nos prestations sont stock\u00e9es chez un service tiers, CheckFront, vous pouvez consulter leur politique de confidentialit\u00e9 en cliquant ici (https:\/\/www.checkfront.com\/privacy). [&hellip;]\" \/>\n<meta property=\"og:url\" content=\"https:\/\/veloraildelajuine.fr\/index.php\/conditions-generales-de-vente\/\" \/>\n<meta property=\"og:site_name\" content=\"V\u00e9lorail de la Juine\" \/>\n<meta property=\"article:modified_time\" content=\"2022-06-29T06:54:20+00:00\" \/>\n<meta property=\"og:image\" content=\"https:\/\/veloraildelajuine.fr\/wp-content\/uploads\/2022\/06\/velsousbois.jpg\" \/>\n\t<meta property=\"og:image:width\" content=\"1024\" \/>\n\t<meta property=\"og:image:height\" content=\"768\" \/>\n\t<meta property=\"og:image:type\" content=\"image\/jpeg\" \/>\n<meta name=\"twitter:card\" content=\"summary_large_image\" \/>\n<meta name=\"twitter:label1\" content=\"Dur\u00e9e de lecture estim\u00e9e\" \/>\n\t<meta name=\"twitter:data1\" content=\"2 minutes\" \/>\n<script type=\"application\/ld+json\" class=\"yoast-schema-graph\">{\"@context\":\"https:\\\/\\\/schema.org\",\"@graph\":[{\"@type\":\"WebPage\",\"@id\":\"https:\\\/\\\/veloraildelajuine.fr\\\/index.php\\\/conditions-generales-de-vente\\\/\",\"url\":\"https:\\\/\\\/veloraildelajuine.fr\\\/index.php\\\/conditions-generales-de-vente\\\/\",\"name\":\"Conditions g\u00e9n\u00e9rales de vente - V\u00e9lorail de la Juine\",\"isPartOf\":{\"@id\":\"https:\\\/\\\/veloraildelajuine.fr\\\/#website\"},\"primaryImageOfPage\":{\"@id\":\"https:\\\/\\\/veloraildelajuine.fr\\\/index.php\\\/conditions-generales-de-vente\\\/#primaryimage\"},\"image\":{\"@id\":\"https:\\\/\\\/veloraildelajuine.fr\\\/index.php\\\/conditions-generales-de-vente\\\/#primaryimage\"},\"thumbnailUrl\":\"https:\\\/\\\/veloraildelajuine.fr\\\/wp-content\\\/uploads\\\/2022\\\/06\\\/velsousbois.jpg\",\"datePublished\":\"2022-06-29T06:53:40+00:00\",\"dateModified\":\"2022-06-29T06:54:20+00:00\",\"breadcrumb\":{\"@id\":\"https:\\\/\\\/veloraildelajuine.fr\\\/index.php\\\/conditions-generales-de-vente\\\/#breadcrumb\"},\"inLanguage\":\"fr-FR\",\"potentialAction\":[{\"@type\":\"ReadAction\",\"target\":[\"https:\\\/\\\/veloraildelajuine.fr\\\/index.php\\\/conditions-generales-de-vente\\\/\"]}]},{\"@type\":\"ImageObject\",\"inLanguage\":\"fr-FR\",\"@id\":\"https:\\\/\\\/veloraildelajuine.fr\\\/index.php\\\/conditions-generales-de-vente\\\/#primaryimage\",\"url\":\"https:\\\/\\\/veloraildelajuine.fr\\\/wp-content\\\/uploads\\\/2022\\\/06\\\/velsousbois.jpg\",\"contentUrl\":\"https:\\\/\\\/veloraildelajuine.fr\\\/wp-content\\\/uploads\\\/2022\\\/06\\\/velsousbois.jpg\",\"width\":1024,\"height\":768},{\"@type\":\"BreadcrumbList\",\"@id\":\"https:\\\/\\\/veloraildelajuine.fr\\\/index.php\\\/conditions-generales-de-vente\\\/#breadcrumb\",\"itemListElement\":[{\"@type\":\"ListItem\",\"position\":1,\"name\":\"Accueil\",\"item\":\"https:\\\/\\\/veloraildelajuine.fr\\\/\"},{\"@type\":\"ListItem\",\"position\":2,\"name\":\"Conditions g\u00e9n\u00e9rales de vente\"}]},{\"@type\":\"WebSite\",\"@id\":\"https:\\\/\\\/veloraildelajuine.fr\\\/#website\",\"url\":\"https:\\\/\\\/veloraildelajuine.fr\\\/\",\"name\":\"V\u00e9lorail de la Juine\",\"description\":\"Un site utilisant WordPress\",\"publisher\":{\"@id\":\"https:\\\/\\\/veloraildelajuine.fr\\\/#organization\"},\"potentialAction\":[{\"@type\":\"SearchAction\",\"target\":{\"@type\":\"EntryPoint\",\"urlTemplate\":\"https:\\\/\\\/veloraildelajuine.fr\\\/?s={search_term_string}\"},\"query-input\":{\"@type\":\"PropertyValueSpecification\",\"valueRequired\":true,\"valueName\":\"search_term_string\"}}],\"inLanguage\":\"fr-FR\"},{\"@type\":\"Organization\",\"@id\":\"https:\\\/\\\/veloraildelajuine.fr\\\/#organization\",\"name\":\"V\u00e9lorail de la Juine\",\"url\":\"https:\\\/\\\/veloraildelajuine.fr\\\/\",\"logo\":{\"@type\":\"ImageObject\",\"inLanguage\":\"fr-FR\",\"@id\":\"https:\\\/\\\/veloraildelajuine.fr\\\/#\\\/schema\\\/logo\\\/image\\\/\",\"url\":\"https:\\\/\\\/veloraildelajuine.fr\\\/wp-content\\\/uploads\\\/2022\\\/06\\\/LOGO-JUINE-VERT-2.png\",\"contentUrl\":\"https:\\\/\\\/veloraildelajuine.fr\\\/wp-content\\\/uploads\\\/2022\\\/06\\\/LOGO-JUINE-VERT-2.png\",\"width\":768,\"height\":666,\"caption\":\"V\u00e9lorail de la Juine\"},\"image\":{\"@id\":\"https:\\\/\\\/veloraildelajuine.fr\\\/#\\\/schema\\\/logo\\\/image\\\/\"}}]}<\/script>\n<!-- \/ Yoast SEO plugin. -->","yoast_head_json":{"title":"Conditions g\u00e9n\u00e9rales de vente - V\u00e9lorail de la Juine","robots":{"index":"index","follow":"follow","max-snippet":"max-snippet:-1","max-image-preview":"max-image-preview:large","max-video-preview":"max-video-preview:-1"},"canonical":"https:\/\/veloraildelajuine.fr\/index.php\/conditions-generales-de-vente\/","og_locale":"fr_FR","og_type":"article","og_title":"Conditions g\u00e9n\u00e9rales de vente - V\u00e9lorail de la Juine","og_description":"Article 1\u00a0: Titre de transport et conditions de vente Le titre de transport ne sera d\u00e9livr\u00e9 d\u00e9finitivement qu\u2019apr\u00e8s acquittement de son montant total soit par paiement en ligne :\u00a0Les informations li\u00e9es \u00e0 la r\u00e9servation de nos prestations sont stock\u00e9es chez un service tiers, CheckFront, vous pouvez consulter leur politique de confidentialit\u00e9 en cliquant ici (https:\/\/www.checkfront.com\/privacy). [&hellip;]","og_url":"https:\/\/veloraildelajuine.fr\/index.php\/conditions-generales-de-vente\/","og_site_name":"V\u00e9lorail de la Juine","article_modified_time":"2022-06-29T06:54:20+00:00","og_image":[{"width":1024,"height":768,"url":"https:\/\/veloraildelajuine.fr\/wp-content\/uploads\/2022\/06\/velsousbois.jpg","type":"image\/jpeg"}],"twitter_card":"summary_large_image","twitter_misc":{"Dur\u00e9e de lecture estim\u00e9e":"2 minutes"},"schema":{"@context":"https:\/\/schema.org","@graph":[{"@type":"WebPage","@id":"https:\/\/veloraildelajuine.fr\/index.php\/conditions-generales-de-vente\/","url":"https:\/\/veloraildelajuine.fr\/index.php\/conditions-generales-de-vente\/","name":"Conditions g\u00e9n\u00e9rales de vente - V\u00e9lorail de la Juine","isPartOf":{"@id":"https:\/\/veloraildelajuine.fr\/#website"},"primaryImageOfPage":{"@id":"https:\/\/veloraildelajuine.fr\/index.php\/conditions-generales-de-vente\/#primaryimage"},"image":{"@id":"https:\/\/veloraildelajuine.fr\/index.php\/conditions-generales-de-vente\/#primaryimage"},"thumbnailUrl":"https:\/\/veloraildelajuine.fr\/wp-content\/uploads\/2022\/06\/velsousbois.jpg","datePublished":"2022-06-29T06:53:40+00:00","dateModified":"2022-06-29T06:54:20+00:00","breadcrumb":{"@id":"https:\/\/veloraildelajuine.fr\/index.php\/conditions-generales-de-vente\/#breadcrumb"},"inLanguage":"fr-FR","potentialAction":[{"@type":"ReadAction","target":["https:\/\/veloraildelajuine.fr\/index.php\/conditions-generales-de-vente\/"]}]},{"@type":"ImageObject","inLanguage":"fr-FR","@id":"https:\/\/veloraildelajuine.fr\/index.php\/conditions-generales-de-vente\/#primaryimage","url":"https:\/\/veloraildelajuine.fr\/wp-content\/uploads\/2022\/06\/velsousbois.jpg","contentUrl":"https:\/\/veloraildelajuine.fr\/wp-content\/uploads\/2022\/06\/velsousbois.jpg","width":1024,"height":768},{"@type":"BreadcrumbList","@id":"https:\/\/veloraildelajuine.fr\/index.php\/conditions-generales-de-vente\/#breadcrumb","itemListElement":[{"@type":"ListItem","position":1,"name":"Accueil","item":"https:\/\/veloraildelajuine.fr\/"},{"@type":"ListItem","position":2,"name":"Conditions g\u00e9n\u00e9rales de vente"}]},{"@type":"WebSite","@id":"https:\/\/veloraildelajuine.fr\/#website","url":"https:\/\/veloraildelajuine.fr\/","name":"V\u00e9lorail de la Juine","description":"Un site utilisant WordPress","publisher":{"@id":"https:\/\/veloraildelajuine.fr\/#organization"},"potentialAction":[{"@type":"SearchAction","target":{"@type":"EntryPoint","urlTemplate":"https:\/\/veloraildelajuine.fr\/?s={search_term_string}"},"query-input":{"@type":"PropertyValueSpecification","valueRequired":true,"valueName":"search_term_string"}}],"inLanguage":"fr-FR"},{"@type":"Organization","@id":"https:\/\/veloraildelajuine.fr\/#organization","name":"V\u00e9lorail de la Juine","url":"https:\/\/veloraildelajuine.fr\/","logo":{"@type":"ImageObject","inLanguage":"fr-FR","@id":"https:\/\/veloraildelajuine.fr\/#\/schema\/logo\/image\/","url":"https:\/\/veloraildelajuine.fr\/wp-content\/uploads\/2022\/06\/LOGO-JUINE-VERT-2.png","contentUrl":"https:\/\/veloraildelajuine.fr\/wp-content\/uploads\/2022\/06\/LOGO-JUINE-VERT-2.png","width":768,"height":666,"caption":"V\u00e9lorail de la Juine"},"image":{"@id":"https:\/\/veloraildelajuine.fr\/#\/schema\/logo\/image\/"}}]}},"_links":{"self":[{"href":"https:\/\/veloraildelajuine.fr\/index.php\/wp-json\/wp\/v2\/pages\/692","targetHints":{"allow":["GET"]}}],"collection":[{"href":"https:\/\/veloraildelajuine.fr\/index.php\/wp-json\/wp\/v2\/pages"}],"about":[{"href":"https:\/\/veloraildelajuine.fr\/index.php\/wp-json\/wp\/v2\/types\/page"}],"author":[{"embeddable":true,"href":"https:\/\/veloraildelajuine.fr\/index.php\/wp-json\/wp\/v2\/users\/1"}],"replies":[{"embeddable":true,"href":"https:\/\/veloraildelajuine.fr\/index.php\/wp-json\/wp\/v2\/comments?post=692"}],"version-history":[{"count":7,"href":"https:\/\/veloraildelajuine.fr\/index.php\/wp-json\/wp\/v2\/pages\/692\/revisions"}],"predecessor-version":[{"id":699,"href":"https:\/\/veloraildelajuine.fr\/index.php\/wp-json\/wp\/v2\/pages\/692\/revisions\/699"}],"wp:featuredmedia":[{"embeddable":true,"href":"https:\/\/veloraildelajuine.fr\/index.php\/wp-json\/wp\/v2\/media\/453"}],"wp:attachment":[{"href":"https:\/\/veloraildelajuine.fr\/index.php\/wp-json\/wp\/v2\/media?parent=692"}],"curies":[{"name":"wp","href":"https:\/\/api.w.org\/{rel}","templated":true}]}}