{"id":701,"date":"2022-06-29T08:56:05","date_gmt":"2022-06-29T06:56:05","guid":{"rendered":"https:\/\/veloraildelajuine.fr\/?page_id=701"},"modified":"2022-06-29T10:07:59","modified_gmt":"2022-06-29T08:07:59","slug":"mentions-legales","status":"publish","type":"page","link":"https:\/\/veloraildelajuine.fr\/index.php\/mentions-legales\/","title":{"rendered":"Mentions l\u00e9gales"},"content":{"rendered":"\t\t<div data-elementor-type=\"wp-page\" data-elementor-id=\"701\" class=\"elementor elementor-701\">\n\t\t\t\t\t\t<section class=\"elementor-section elementor-top-section elementor-element elementor-element-df94a14 elementor-section-boxed elementor-section-height-default elementor-section-height-default\" data-id=\"df94a14\" data-element_type=\"section\" data-e-type=\"section\">\n\t\t\t\t\t\t<div class=\"elementor-container elementor-column-gap-default\">\n\t\t\t\t\t<div class=\"elementor-column elementor-col-100 elementor-top-column elementor-element elementor-element-78e3203\" data-id=\"78e3203\" data-element_type=\"column\" data-e-type=\"column\">\n\t\t\t<div class=\"elementor-widget-wrap elementor-element-populated\">\n\t\t\t\t\t\t<div class=\"elementor-element elementor-element-594c4ff elementor-widget elementor-widget-text-editor\" data-id=\"594c4ff\" data-element_type=\"widget\" data-e-type=\"widget\" data-widget_type=\"text-editor.default\">\n\t\t\t\t<div class=\"elementor-widget-container\">\n\t\t\t\t\t\t\t\t\t<h5>Responsabilit\u00e9 L\u00e9gale<\/h5>\n<p>Le site veloraildelajuine.fr est la propri\u00e9t\u00e9 de Rail Vert SASU. Le responsable de la publication est Philippe RAINSANT, son Pr\u00e9sident.<\/p>\n<h5>H\u00e9bergement<\/h5>\n<p>Le site veloraildelajuine.fr est h\u00e9berg\u00e9 chez<a href=\"https:\/\/www.ionos.fr\/\"> Ionos<\/a>, quelque part sur une jonque au fond de la baie d&rsquo;Hano\u00ef.<\/p>\n<h5>Ma\u00eetre de l&rsquo;Internet<\/h5>\n<p>Le site veloraildelajuine.fr est d\u00e9velopp\u00e9, maintenu et entretenu par <a href=\"https:\/\/lesensorceleurs.fr\">Les Ensorceleurs.<\/a><\/p>\n<h5>Cr\u00e9dits Photographiques<\/h5>\n<p>Les images pr\u00e9sentes sur le site veloraildelajuine.fr sont la propri\u00e9t\u00e9 exclusive de Rail Vert SASU et des Ensorceleurs. Toute reproduction ou diffusion en sont interdites.<\/p>\n<p>Copyright V\u00e9lorail de la Vall\u00e9e de la Juine, Rail Vert SASU 2022.<\/p>\t\t\t\t\t\t\t\t<\/div>\n\t\t\t\t<\/div>\n\t\t\t\t\t<\/div>\n\t\t<\/div>\n\t\t\t\t\t<\/div>\n\t\t<\/section>\n\t\t\t\t<\/div>\n\t\t","protected":false},"excerpt":{"rendered":"<p>Responsabilit\u00e9 L\u00e9gale Le site veloraildelajuine.fr est la propri\u00e9t\u00e9 de Rail Vert SASU. Le responsable de la publication est Philippe RAINSANT, son Pr\u00e9sident. H\u00e9bergement Le site veloraildelajuine.fr est h\u00e9berg\u00e9 chez Ionos, quelque part sur une jonque au fond de la baie d&rsquo;Hano\u00ef. Ma\u00eetre de l&rsquo;Internet Le site veloraildelajuine.fr est d\u00e9velopp\u00e9, maintenu et entretenu par Les Ensorceleurs. [&hellip;]<\/p>\n","protected":false},"author":1,"featured_media":451,"parent":0,"menu_order":0,"comment_status":"closed","ping_status":"closed","template":"","meta":{"footnotes":""},"class_list":["post-701","page","type-page","status-publish","has-post-thumbnail","hentry"],"yoast_head":"<!-- This site is optimized with the Yoast SEO plugin v27.5 - https:\/\/yoast.com\/product\/yoast-seo-wordpress\/ -->\n<title>Mentions l\u00e9gales - V\u00e9lorail de la Juine<\/title>\n<meta name=\"robots\" content=\"index, follow, max-snippet:-1, max-image-preview:large, max-video-preview:-1\" \/>\n<link rel=\"canonical\" href=\"https:\/\/veloraildelajuine.fr\/index.php\/mentions-legales\/\" \/>\n<meta property=\"og:locale\" content=\"fr_FR\" \/>\n<meta property=\"og:type\" content=\"article\" \/>\n<meta property=\"og:title\" content=\"Mentions l\u00e9gales - V\u00e9lorail de la Juine\" \/>\n<meta property=\"og:description\" content=\"Responsabilit\u00e9 L\u00e9gale Le site veloraildelajuine.fr est la propri\u00e9t\u00e9 de Rail Vert SASU. Le responsable de la publication est Philippe RAINSANT, son Pr\u00e9sident. H\u00e9bergement Le site veloraildelajuine.fr est h\u00e9berg\u00e9 chez Ionos, quelque part sur une jonque au fond de la baie d&rsquo;Hano\u00ef. Ma\u00eetre de l&rsquo;Internet Le site veloraildelajuine.fr est d\u00e9velopp\u00e9, maintenu et entretenu par Les Ensorceleurs. [&hellip;]\" \/>\n<meta property=\"og:url\" content=\"https:\/\/veloraildelajuine.fr\/index.php\/mentions-legales\/\" \/>\n<meta property=\"og:site_name\" content=\"V\u00e9lorail de la Juine\" \/>\n<meta property=\"article:modified_time\" content=\"2022-06-29T08:07:59+00:00\" \/>\n<meta property=\"og:image\" content=\"https:\/\/veloraildelajuine.fr\/wp-content\/uploads\/2022\/06\/velpinede.jpg\" \/>\n\t<meta property=\"og:image:width\" content=\"1536\" \/>\n\t<meta property=\"og:image:height\" content=\"1152\" \/>\n\t<meta property=\"og:image:type\" content=\"image\/jpeg\" \/>\n<meta name=\"twitter:card\" content=\"summary_large_image\" \/>\n<meta name=\"twitter:label1\" content=\"Dur\u00e9e de lecture estim\u00e9e\" \/>\n\t<meta name=\"twitter:data1\" content=\"1 minute\" \/>\n<script type=\"application\/ld+json\" class=\"yoast-schema-graph\">{\"@context\":\"https:\\\/\\\/schema.org\",\"@graph\":[{\"@type\":\"WebPage\",\"@id\":\"https:\\\/\\\/veloraildelajuine.fr\\\/index.php\\\/mentions-legales\\\/\",\"url\":\"https:\\\/\\\/veloraildelajuine.fr\\\/index.php\\\/mentions-legales\\\/\",\"name\":\"Mentions l\u00e9gales - V\u00e9lorail de la Juine\",\"isPartOf\":{\"@id\":\"https:\\\/\\\/veloraildelajuine.fr\\\/#website\"},\"primaryImageOfPage\":{\"@id\":\"https:\\\/\\\/veloraildelajuine.fr\\\/index.php\\\/mentions-legales\\\/#primaryimage\"},\"image\":{\"@id\":\"https:\\\/\\\/veloraildelajuine.fr\\\/index.php\\\/mentions-legales\\\/#primaryimage\"},\"thumbnailUrl\":\"https:\\\/\\\/veloraildelajuine.fr\\\/wp-content\\\/uploads\\\/2022\\\/06\\\/velpinede.jpg\",\"datePublished\":\"2022-06-29T06:56:05+00:00\",\"dateModified\":\"2022-06-29T08:07:59+00:00\",\"breadcrumb\":{\"@id\":\"https:\\\/\\\/veloraildelajuine.fr\\\/index.php\\\/mentions-legales\\\/#breadcrumb\"},\"inLanguage\":\"fr-FR\",\"potentialAction\":[{\"@type\":\"ReadAction\",\"target\":[\"https:\\\/\\\/veloraildelajuine.fr\\\/index.php\\\/mentions-legales\\\/\"]}]},{\"@type\":\"ImageObject\",\"inLanguage\":\"fr-FR\",\"@id\":\"https:\\\/\\\/veloraildelajuine.fr\\\/index.php\\\/mentions-legales\\\/#primaryimage\",\"url\":\"https:\\\/\\\/veloraildelajuine.fr\\\/wp-content\\\/uploads\\\/2022\\\/06\\\/velpinede.jpg\",\"contentUrl\":\"https:\\\/\\\/veloraildelajuine.fr\\\/wp-content\\\/uploads\\\/2022\\\/06\\\/velpinede.jpg\",\"width\":1536,\"height\":1152},{\"@type\":\"BreadcrumbList\",\"@id\":\"https:\\\/\\\/veloraildelajuine.fr\\\/index.php\\\/mentions-legales\\\/#breadcrumb\",\"itemListElement\":[{\"@type\":\"ListItem\",\"position\":1,\"name\":\"Accueil\",\"item\":\"https:\\\/\\\/veloraildelajuine.fr\\\/\"},{\"@type\":\"ListItem\",\"position\":2,\"name\":\"Mentions l\u00e9gales\"}]},{\"@type\":\"WebSite\",\"@id\":\"https:\\\/\\\/veloraildelajuine.fr\\\/#website\",\"url\":\"https:\\\/\\\/veloraildelajuine.fr\\\/\",\"name\":\"V\u00e9lorail de la Juine\",\"description\":\"Un site utilisant WordPress\",\"publisher\":{\"@id\":\"https:\\\/\\\/veloraildelajuine.fr\\\/#organization\"},\"potentialAction\":[{\"@type\":\"SearchAction\",\"target\":{\"@type\":\"EntryPoint\",\"urlTemplate\":\"https:\\\/\\\/veloraildelajuine.fr\\\/?s={search_term_string}\"},\"query-input\":{\"@type\":\"PropertyValueSpecification\",\"valueRequired\":true,\"valueName\":\"search_term_string\"}}],\"inLanguage\":\"fr-FR\"},{\"@type\":\"Organization\",\"@id\":\"https:\\\/\\\/veloraildelajuine.fr\\\/#organization\",\"name\":\"V\u00e9lorail de la Juine\",\"url\":\"https:\\\/\\\/veloraildelajuine.fr\\\/\",\"logo\":{\"@type\":\"ImageObject\",\"inLanguage\":\"fr-FR\",\"@id\":\"https:\\\/\\\/veloraildelajuine.fr\\\/#\\\/schema\\\/logo\\\/image\\\/\",\"url\":\"https:\\\/\\\/veloraildelajuine.fr\\\/wp-content\\\/uploads\\\/2022\\\/06\\\/LOGO-JUINE-VERT-2.png\",\"contentUrl\":\"https:\\\/\\\/veloraildelajuine.fr\\\/wp-content\\\/uploads\\\/2022\\\/06\\\/LOGO-JUINE-VERT-2.png\",\"width\":768,\"height\":666,\"caption\":\"V\u00e9lorail de la Juine\"},\"image\":{\"@id\":\"https:\\\/\\\/veloraildelajuine.fr\\\/#\\\/schema\\\/logo\\\/image\\\/\"}}]}<\/script>\n<!-- \/ Yoast SEO plugin. -->","yoast_head_json":{"title":"Mentions l\u00e9gales - V\u00e9lorail de la Juine","robots":{"index":"index","follow":"follow","max-snippet":"max-snippet:-1","max-image-preview":"max-image-preview:large","max-video-preview":"max-video-preview:-1"},"canonical":"https:\/\/veloraildelajuine.fr\/index.php\/mentions-legales\/","og_locale":"fr_FR","og_type":"article","og_title":"Mentions l\u00e9gales - V\u00e9lorail de la Juine","og_description":"Responsabilit\u00e9 L\u00e9gale Le site veloraildelajuine.fr est la propri\u00e9t\u00e9 de Rail Vert SASU. Le responsable de la publication est Philippe RAINSANT, son Pr\u00e9sident. H\u00e9bergement Le site veloraildelajuine.fr est h\u00e9berg\u00e9 chez Ionos, quelque part sur une jonque au fond de la baie d&rsquo;Hano\u00ef. Ma\u00eetre de l&rsquo;Internet Le site veloraildelajuine.fr est d\u00e9velopp\u00e9, maintenu et entretenu par Les Ensorceleurs. [&hellip;]","og_url":"https:\/\/veloraildelajuine.fr\/index.php\/mentions-legales\/","og_site_name":"V\u00e9lorail de la Juine","article_modified_time":"2022-06-29T08:07:59+00:00","og_image":[{"width":1536,"height":1152,"url":"https:\/\/veloraildelajuine.fr\/wp-content\/uploads\/2022\/06\/velpinede.jpg","type":"image\/jpeg"}],"twitter_card":"summary_large_image","twitter_misc":{"Dur\u00e9e de lecture estim\u00e9e":"1 minute"},"schema":{"@context":"https:\/\/schema.org","@graph":[{"@type":"WebPage","@id":"https:\/\/veloraildelajuine.fr\/index.php\/mentions-legales\/","url":"https:\/\/veloraildelajuine.fr\/index.php\/mentions-legales\/","name":"Mentions l\u00e9gales - V\u00e9lorail de la Juine","isPartOf":{"@id":"https:\/\/veloraildelajuine.fr\/#website"},"primaryImageOfPage":{"@id":"https:\/\/veloraildelajuine.fr\/index.php\/mentions-legales\/#primaryimage"},"image":{"@id":"https:\/\/veloraildelajuine.fr\/index.php\/mentions-legales\/#primaryimage"},"thumbnailUrl":"https:\/\/veloraildelajuine.fr\/wp-content\/uploads\/2022\/06\/velpinede.jpg","datePublished":"2022-06-29T06:56:05+00:00","dateModified":"2022-06-29T08:07:59+00:00","breadcrumb":{"@id":"https:\/\/veloraildelajuine.fr\/index.php\/mentions-legales\/#breadcrumb"},"inLanguage":"fr-FR","potentialAction":[{"@type":"ReadAction","target":["https:\/\/veloraildelajuine.fr\/index.php\/mentions-legales\/"]}]},{"@type":"ImageObject","inLanguage":"fr-FR","@id":"https:\/\/veloraildelajuine.fr\/index.php\/mentions-legales\/#primaryimage","url":"https:\/\/veloraildelajuine.fr\/wp-content\/uploads\/2022\/06\/velpinede.jpg","contentUrl":"https:\/\/veloraildelajuine.fr\/wp-content\/uploads\/2022\/06\/velpinede.jpg","width":1536,"height":1152},{"@type":"BreadcrumbList","@id":"https:\/\/veloraildelajuine.fr\/index.php\/mentions-legales\/#breadcrumb","itemListElement":[{"@type":"ListItem","position":1,"name":"Accueil","item":"https:\/\/veloraildelajuine.fr\/"},{"@type":"ListItem","position":2,"name":"Mentions l\u00e9gales"}]},{"@type":"WebSite","@id":"https:\/\/veloraildelajuine.fr\/#website","url":"https:\/\/veloraildelajuine.fr\/","name":"V\u00e9lorail de la Juine","description":"Un site utilisant WordPress","publisher":{"@id":"https:\/\/veloraildelajuine.fr\/#organization"},"potentialAction":[{"@type":"SearchAction","target":{"@type":"EntryPoint","urlTemplate":"https:\/\/veloraildelajuine.fr\/?s={search_term_string}"},"query-input":{"@type":"PropertyValueSpecification","valueRequired":true,"valueName":"search_term_string"}}],"inLanguage":"fr-FR"},{"@type":"Organization","@id":"https:\/\/veloraildelajuine.fr\/#organization","name":"V\u00e9lorail de la Juine","url":"https:\/\/veloraildelajuine.fr\/","logo":{"@type":"ImageObject","inLanguage":"fr-FR","@id":"https:\/\/veloraildelajuine.fr\/#\/schema\/logo\/image\/","url":"https:\/\/veloraildelajuine.fr\/wp-content\/uploads\/2022\/06\/LOGO-JUINE-VERT-2.png","contentUrl":"https:\/\/veloraildelajuine.fr\/wp-content\/uploads\/2022\/06\/LOGO-JUINE-VERT-2.png","width":768,"height":666,"caption":"V\u00e9lorail de la Juine"},"image":{"@id":"https:\/\/veloraildelajuine.fr\/#\/schema\/logo\/image\/"}}]}},"_links":{"self":[{"href":"https:\/\/veloraildelajuine.fr\/index.php\/wp-json\/wp\/v2\/pages\/701","targetHints":{"allow":["GET"]}}],"collection":[{"href":"https:\/\/veloraildelajuine.fr\/index.php\/wp-json\/wp\/v2\/pages"}],"about":[{"href":"https:\/\/veloraildelajuine.fr\/index.php\/wp-json\/wp\/v2\/types\/page"}],"author":[{"embeddable":true,"href":"https:\/\/veloraildelajuine.fr\/index.php\/wp-json\/wp\/v2\/users\/1"}],"replies":[{"embeddable":true,"href":"https:\/\/veloraildelajuine.fr\/index.php\/wp-json\/wp\/v2\/comments?post=701"}],"version-history":[{"count":7,"href":"https:\/\/veloraildelajuine.fr\/index.php\/wp-json\/wp\/v2\/pages\/701\/revisions"}],"predecessor-version":[{"id":710,"href":"https:\/\/veloraildelajuine.fr\/index.php\/wp-json\/wp\/v2\/pages\/701\/revisions\/710"}],"wp:featuredmedia":[{"embeddable":true,"href":"https:\/\/veloraildelajuine.fr\/index.php\/wp-json\/wp\/v2\/media\/451"}],"wp:attachment":[{"href":"https:\/\/veloraildelajuine.fr\/index.php\/wp-json\/wp\/v2\/media?parent=701"}],"curies":[{"name":"wp","href":"https:\/\/api.w.org\/{rel}","templated":true}]}}