{"id":957,"date":"2025-01-25T11:08:44","date_gmt":"2025-01-25T10:08:44","guid":{"rendered":"https:\/\/veloraildelajuine.fr\/?page_id=957"},"modified":"2025-11-08T16:19:09","modified_gmt":"2025-11-08T15:19:09","slug":"groupes-scolaires","status":"publish","type":"page","link":"https:\/\/veloraildelajuine.fr\/index.php\/groupes-scolaires\/","title":{"rendered":"Groupes &amp; Scolaires"},"content":{"rendered":"\t\t<div data-elementor-type=\"wp-page\" data-elementor-id=\"957\" class=\"elementor elementor-957\">\n\t\t\t\t\t\t<section class=\"elementor-section elementor-top-section elementor-element elementor-element-f11a596 elementor-section-height-min-height elementor-section-boxed elementor-section-height-default elementor-section-items-middle\" data-id=\"f11a596\" data-element_type=\"section\" data-e-type=\"section\">\n\t\t\t\t\t\t<div class=\"elementor-container elementor-column-gap-default\">\n\t\t\t\t\t<div class=\"elementor-column elementor-col-100 elementor-top-column elementor-element elementor-element-2a91735\" data-id=\"2a91735\" data-element_type=\"column\" data-e-type=\"column\">\n\t\t\t<div class=\"elementor-widget-wrap elementor-element-populated\">\n\t\t\t\t\t\t<section class=\"elementor-section elementor-inner-section elementor-element elementor-element-5d27ad0 elementor-section-boxed elementor-section-height-default elementor-section-height-default\" data-id=\"5d27ad0\" data-element_type=\"section\" data-e-type=\"section\">\n\t\t\t\t\t\t<div class=\"elementor-container elementor-column-gap-default\">\n\t\t\t\t\t<div class=\"elementor-column elementor-col-100 elementor-inner-column elementor-element elementor-element-57f7e04\" data-id=\"57f7e04\" data-element_type=\"column\" data-e-type=\"column\" data-settings=\"{&quot;background_background&quot;:&quot;classic&quot;}\">\n\t\t\t<div class=\"elementor-widget-wrap elementor-element-populated\">\n\t\t\t\t\t\t<div class=\"elementor-element elementor-element-8732971 elementor-view-framed elementor-shape-square elementor-widget elementor-widget-icon\" data-id=\"8732971\" data-element_type=\"widget\" data-e-type=\"widget\" data-widget_type=\"icon.default\">\n\t\t\t\t<div class=\"elementor-widget-container\">\n\t\t\t\t\t\t\t<div class=\"elementor-icon-wrapper\">\n\t\t\t<div class=\"elementor-icon\">\n\t\t\t<i aria-hidden=\"true\" class=\"fas fa-quote-right\"><\/i>\t\t\t<\/div>\n\t\t<\/div>\n\t\t\t\t\t\t<\/div>\n\t\t\t\t<\/div>\n\t\t\t\t<div class=\"elementor-element elementor-element-52f5d10 elementor-widget elementor-widget-heading\" data-id=\"52f5d10\" data-element_type=\"widget\" data-e-type=\"widget\" data-widget_type=\"heading.default\">\n\t\t\t\t<div class=\"elementor-widget-container\">\n\t\t\t\t\t<h4 class=\"elementor-heading-title elementor-size-default\">Passer un super moment au v\u00e9lorail tous ensemble ?<\/h4>\t\t\t\t<\/div>\n\t\t\t\t<\/div>\n\t\t\t\t<div class=\"elementor-element elementor-element-3bf3bdd elementor-widget elementor-widget-heading\" data-id=\"3bf3bdd\" data-element_type=\"widget\" data-e-type=\"widget\" data-widget_type=\"heading.default\">\n\t\t\t\t<div class=\"elementor-widget-container\">\n\t\t\t\t\t<h2 class=\"elementor-heading-title elementor-size-default\">Aux petits oignons...<\/h2>\t\t\t\t<\/div>\n\t\t\t\t<\/div>\n\t\t\t\t<div class=\"elementor-element elementor-element-b16225b elementor-widget elementor-widget-text-editor\" data-id=\"b16225b\" data-element_type=\"widget\" data-e-type=\"widget\" data-widget_type=\"text-editor.default\">\n\t\t\t\t<div class=\"elementor-widget-container\">\n\t\t\t\t\t\t\t\t\t<p>Nous nous adaptons pour vous accueillir comme vous \u00eates&#8230;<\/p>\t\t\t\t\t\t\t\t<\/div>\n\t\t\t\t<\/div>\n\t\t\t\t\t<\/div>\n\t\t<\/div>\n\t\t\t\t\t<\/div>\n\t\t<\/section>\n\t\t\t\t\t<\/div>\n\t\t<\/div>\n\t\t\t\t\t<\/div>\n\t\t<\/section>\n\t\t\t\t<section class=\"elementor-section elementor-top-section elementor-element elementor-element-4c2b7df elementor-section-boxed elementor-section-height-default elementor-section-height-default\" data-id=\"4c2b7df\" data-element_type=\"section\" data-e-type=\"section\">\n\t\t\t\t\t\t<div class=\"elementor-container elementor-column-gap-default\">\n\t\t\t\t\t<div class=\"elementor-column elementor-col-33 elementor-top-column elementor-element elementor-element-3a1cad8\" data-id=\"3a1cad8\" data-element_type=\"column\" data-e-type=\"column\">\n\t\t\t<div class=\"elementor-widget-wrap elementor-element-populated\">\n\t\t\t\t\t\t<div class=\"elementor-element elementor-element-82e01a3 elementor-widget__width-initial elementor-widget elementor-widget-heading\" data-id=\"82e01a3\" data-element_type=\"widget\" data-e-type=\"widget\" data-widget_type=\"heading.default\">\n\t\t\t\t<div class=\"elementor-widget-container\">\n\t\t\t\t\t<h2 class=\"elementor-heading-title elementor-size-default\">Scolaires<\/h2>\t\t\t\t<\/div>\n\t\t\t\t<\/div>\n\t\t\t\t<div class=\"elementor-element elementor-element-07ff920 elementor-widget elementor-widget-heading\" data-id=\"07ff920\" data-element_type=\"widget\" data-e-type=\"widget\" data-widget_type=\"heading.default\">\n\t\t\t\t<div class=\"elementor-widget-container\">\n\t\t\t\t\t<h3 class=\"elementor-heading-title elementor-size-default\">Sortie v\u00e9lorail (mars-octobre)<\/h3>\t\t\t\t<\/div>\n\t\t\t\t<\/div>\n\t\t\t\t<div class=\"elementor-element elementor-element-55e38ce elementor-widget elementor-widget-text-editor\" data-id=\"55e38ce\" data-element_type=\"widget\" data-e-type=\"widget\" data-widget_type=\"text-editor.default\">\n\t\t\t\t<div class=\"elementor-widget-container\">\n\t\t\t\t\t\t\t\t\t<p>La sortie en v\u00e9lorail dure 2 heures avec aire de pique nique (int\u00e9rieure ou ext\u00e9rieure) \u00e0 votre disposition. Une pr\u00e9sentation de la voie ferr\u00e9e dans son contexte historique est \u00e9galement possible (\u00e0 d\u00e9finir avec l&rsquo;\u00e9quipe enseignante). Le co\u00fbt par classe est de 180 euros. Il faut\u00a02 \u00ab\u00a0grands\u00a0\u00bb d&rsquo;au moins 1,50m par v\u00e9lorail (de 6 places) et au minimum 2 adultes\u00a0par classe.<\/p>\t\t\t\t\t\t\t\t<\/div>\n\t\t\t\t<\/div>\n\t\t\t\t<div class=\"elementor-element elementor-element-4712cf8 elementor-widget elementor-widget-heading\" data-id=\"4712cf8\" data-element_type=\"widget\" data-e-type=\"widget\" data-widget_type=\"heading.default\">\n\t\t\t\t<div class=\"elementor-widget-container\">\n\t\t\t\t\t<h3 class=\"elementor-heading-title elementor-size-default\">Parcours de M\u00e9moire (journ\u00e9e)<\/h3>\t\t\t\t<\/div>\n\t\t\t\t<\/div>\n\t\t\t\t<div class=\"elementor-element elementor-element-c156468 elementor-widget elementor-widget-text-editor\" data-id=\"c156468\" data-element_type=\"widget\" data-e-type=\"widget\" data-widget_type=\"text-editor.default\">\n\t\t\t\t<div class=\"elementor-widget-container\">\n\t\t\t\t\t\t\t\t\t<p>La ligne d&rsquo;Etampes \u00e0 Pithiviers a connu des heures sombres pendant la seconde guerre mondiale. Pour une sortie \u00e0 la fois intense en \u00e9motions et nature, le <a href=\"https:\/\/www.memorialdelashoah.org\/pithiviers.html\" target=\"_blank\" rel=\"noopener\">m\u00e9morial de la gare de Pithiviers<\/a>\u00a0&#8211;<span style=\"color: var( --e-global-color-text );\">\u00a0notre partenaire &#8211; situ\u00e9 \u00e0 25 minutes vous accueille avant ou apr\u00e8s la balade. Ces 2 moments tr\u00e8s tr\u00e8s forts laisseront d&rsquo;\u00e9normes souvenirs \u00e0 tous (CM2, coll\u00e8ge, lyc\u00e9e).\u00a0<\/span><\/p><p><span style=\"color: var( --e-global-color-text );\">Voir la\u00a0<\/span><span style=\"color: var( --e-global-color-text );\">brochure\u00a0<\/span><a style=\"background-color: #ffffff;\" href=\"https:\/\/veloraildelajuine.fr\/wp-content\/uploads\/2025\/01\/GaredePithiviersVelorail.pdf\">Gare de Pithiviers + Velorail<\/a>\u00a0&amp; d\u00e9couvrir\u00a0<a style=\"background-color: #ffffff;\" href=\"https:\/\/youtu.be\/eH5agmOaI4E?si=wXvW6THNTgZCrsV1\" target=\"_blank\" rel=\"noopener\">le reportage F3<\/a>\u00a0tourn\u00e9 lors de l&rsquo;inauguration de ce parcours.<\/p>\t\t\t\t\t\t\t\t<\/div>\n\t\t\t\t<\/div>\n\t\t\t\t<div class=\"elementor-element elementor-element-8cacd9b elementor-widget elementor-widget-heading\" data-id=\"8cacd9b\" data-element_type=\"widget\" data-e-type=\"widget\" data-widget_type=\"heading.default\">\n\t\t\t\t<div class=\"elementor-widget-container\">\n\t\t\t\t\t<h3 class=\"elementor-heading-title elementor-size-default\">Autour de Marc Sangnier...<\/h3>\t\t\t\t<\/div>\n\t\t\t\t<\/div>\n\t\t\t\t<div class=\"elementor-element elementor-element-dfe207c elementor-widget__width-initial elementor-widget elementor-widget-text-editor\" data-id=\"dfe207c\" data-element_type=\"widget\" data-e-type=\"widget\" data-widget_type=\"text-editor.default\">\n\t\t\t\t<div class=\"elementor-widget-container\">\n\t\t\t\t\t\t\t\t\t<p>Pendant l&rsquo;entre-deux guerres, et avant que la mont\u00e9e des extr\u00eames ne polarise la vie politique, se construit \u00e0 Boissy-La-Rivi\u00e8re l\u2019id\u00e9al d\u00e9mocrate-chr\u00e9tien : le retour durable de la paix et l\u2019organisation d\u2019un nouvel ordre international autour de la Paix, de la Jeunesse et de l\u2019Europe.<\/p><p class=\"MsoNormal\">La\u00a0<a href=\"https:\/\/veloraildelajuine.fr\/wp-content\/uploads\/2025\/11\/Scolaire-parcours-entre-deux-guerres.pdf\" target=\"_blank\" rel=\"noopener\">sortie scolaire<\/a>\u00a0(journ\u00e9e coll\u00e8ge\/lyc\u00e9e) comprend un parcours en v\u00e9lorail, la visite du camp de la Paix et des monuments \u00e9rig\u00e9s \u00e0 cette p\u00e9riode et une visite guid\u00e9e dans le parc du ch\u00e2teau de Bierville (aujourd\u2019hui centre de formation du syndicat CFDT).<\/p>\t\t\t\t\t\t\t\t<\/div>\n\t\t\t\t<\/div>\n\t\t\t\t<div class=\"elementor-element elementor-element-ef44b6c elementor-widget elementor-widget-heading\" data-id=\"ef44b6c\" data-element_type=\"widget\" data-e-type=\"widget\" data-widget_type=\"heading.default\">\n\t\t\t\t<div class=\"elementor-widget-container\">\n\t\t\t\t\t<h2 class=\"elementor-heading-title elementor-size-default\">Modalit\u00e9s<\/h2>\t\t\t\t<\/div>\n\t\t\t\t<\/div>\n\t\t\t\t<div class=\"elementor-element elementor-element-f42169a elementor-widget__width-initial elementor-widget elementor-widget-text-editor\" data-id=\"f42169a\" data-element_type=\"widget\" data-e-type=\"widget\" data-widget_type=\"text-editor.default\">\n\t\t\t\t<div class=\"elementor-widget-container\">\n\t\t\t\t\t\t\t\t\t<p>\u00a0Contactez\u00a0<a href=\"mailto:contact@veloraildelajuine.fr\" target=\"_blank\" rel=\"noopener\">co<\/a><a href=\"mailto:contact@veloraildelajuine.fr\" target=\"_blank\" rel=\"noopener\">ntact@veloraildelajuine.fr<\/a>\u00a0pour recevoir le devis, il nous faudra un bon de commande pour bloquer la date. Le paiement par mandat administratif via Chorus n&rsquo;a pas de secrets pour nous !!!<\/p>\t\t\t\t\t\t\t\t<\/div>\n\t\t\t\t<\/div>\n\t\t\t\t\t<\/div>\n\t\t<\/div>\n\t\t\t\t<div class=\"elementor-column elementor-col-66 elementor-top-column elementor-element elementor-element-c5b68b9\" data-id=\"c5b68b9\" data-element_type=\"column\" data-e-type=\"column\">\n\t\t\t<div class=\"elementor-widget-wrap elementor-element-populated\">\n\t\t\t\t\t\t<div class=\"elementor-element elementor-element-625a63f elementor-widget elementor-widget-image\" data-id=\"625a63f\" data-element_type=\"widget\" data-e-type=\"widget\" data-settings=\"{&quot;motion_fx_motion_fx_scrolling&quot;:&quot;yes&quot;,&quot;motion_fx_translateY_effect&quot;:&quot;yes&quot;,&quot;motion_fx_translateY_speed&quot;:{&quot;unit&quot;:&quot;px&quot;,&quot;size&quot;:4,&quot;sizes&quot;:[]},&quot;motion_fx_translateY_affectedRange&quot;:{&quot;unit&quot;:&quot;%&quot;,&quot;size&quot;:&quot;&quot;,&quot;sizes&quot;:{&quot;start&quot;:0,&quot;end&quot;:100}},&quot;motion_fx_devices&quot;:[&quot;desktop&quot;,&quot;tablet&quot;,&quot;mobile&quot;]}\" data-widget_type=\"image.default\">\n\t\t\t\t<div class=\"elementor-widget-container\">\n\t\t\t\t\t\t\t\t\t\t\t\t\t\t\t<img fetchpriority=\"high\" decoding=\"async\" width=\"800\" height=\"600\" src=\"https:\/\/veloraildelajuine.fr\/wp-content\/uploads\/2022\/06\/velpinede-1024x768.jpg\" class=\"attachment-large size-large wp-image-451\" alt=\"\" srcset=\"https:\/\/veloraildelajuine.fr\/wp-content\/uploads\/2022\/06\/velpinede-1024x768.jpg 1024w, https:\/\/veloraildelajuine.fr\/wp-content\/uploads\/2022\/06\/velpinede-300x225.jpg 300w, https:\/\/veloraildelajuine.fr\/wp-content\/uploads\/2022\/06\/velpinede-768x576.jpg 768w, https:\/\/veloraildelajuine.fr\/wp-content\/uploads\/2022\/06\/velpinede.jpg 1536w\" sizes=\"(max-width: 800px) 100vw, 800px\" \/>\t\t\t\t\t\t\t\t\t\t\t\t\t\t\t<\/div>\n\t\t\t\t<\/div>\n\t\t\t\t<div class=\"elementor-element elementor-element-25694e3 elementor-widget elementor-widget-image\" data-id=\"25694e3\" data-element_type=\"widget\" data-e-type=\"widget\" data-settings=\"{&quot;motion_fx_motion_fx_scrolling&quot;:&quot;yes&quot;,&quot;motion_fx_translateY_effect&quot;:&quot;yes&quot;,&quot;motion_fx_translateY_speed&quot;:{&quot;unit&quot;:&quot;px&quot;,&quot;size&quot;:4,&quot;sizes&quot;:[]},&quot;motion_fx_translateY_affectedRange&quot;:{&quot;unit&quot;:&quot;%&quot;,&quot;size&quot;:&quot;&quot;,&quot;sizes&quot;:{&quot;start&quot;:0,&quot;end&quot;:100}},&quot;motion_fx_devices&quot;:[&quot;desktop&quot;,&quot;tablet&quot;,&quot;mobile&quot;]}\" data-widget_type=\"image.default\">\n\t\t\t\t<div class=\"elementor-widget-container\">\n\t\t\t\t\t\t\t\t\t\t\t\t\t\t\t<img decoding=\"async\" width=\"800\" height=\"999\" src=\"https:\/\/veloraildelajuine.fr\/wp-content\/uploads\/2025\/11\/548263858_801948835666776_8329717660116940349_n-820x1024.jpg\" class=\"attachment-large size-large wp-image-1170\" alt=\"\" srcset=\"https:\/\/veloraildelajuine.fr\/wp-content\/uploads\/2025\/11\/548263858_801948835666776_8329717660116940349_n-820x1024.jpg 820w, https:\/\/veloraildelajuine.fr\/wp-content\/uploads\/2025\/11\/548263858_801948835666776_8329717660116940349_n-240x300.jpg 240w, https:\/\/veloraildelajuine.fr\/wp-content\/uploads\/2025\/11\/548263858_801948835666776_8329717660116940349_n-768x959.jpg 768w, https:\/\/veloraildelajuine.fr\/wp-content\/uploads\/2025\/11\/548263858_801948835666776_8329717660116940349_n.jpg 1135w\" sizes=\"(max-width: 800px) 100vw, 800px\" \/>\t\t\t\t\t\t\t\t\t\t\t\t\t\t\t<\/div>\n\t\t\t\t<\/div>\n\t\t\t\t\t<\/div>\n\t\t<\/div>\n\t\t\t\t\t<\/div>\n\t\t<\/section>\n\t\t\t\t<section class=\"elementor-section elementor-top-section elementor-element elementor-element-c179ea2 elementor-section-boxed elementor-section-height-default elementor-section-height-default\" data-id=\"c179ea2\" data-element_type=\"section\" data-e-type=\"section\" data-settings=\"{&quot;background_background&quot;:&quot;classic&quot;,&quot;shape_divider_top&quot;:&quot;tilt&quot;}\">\n\t\t\t\t\t<div class=\"elementor-shape elementor-shape-top\" aria-hidden=\"true\" data-negative=\"false\">\n\t\t\t<svg xmlns=\"http:\/\/www.w3.org\/2000\/svg\" viewBox=\"0 0 1000 100\" preserveAspectRatio=\"none\">\n\t<path class=\"elementor-shape-fill\" d=\"M0,6V0h1000v100L0,6z\"\/>\n<\/svg>\t\t<\/div>\n\t\t\t\t\t<div class=\"elementor-container elementor-column-gap-default\">\n\t\t\t\t\t<div class=\"elementor-column elementor-col-66 elementor-top-column elementor-element elementor-element-eb8d6e3\" data-id=\"eb8d6e3\" data-element_type=\"column\" data-e-type=\"column\">\n\t\t\t<div class=\"elementor-widget-wrap elementor-element-populated\">\n\t\t\t\t\t\t<div class=\"elementor-element elementor-element-94b3312 elementor-widget elementor-widget-image\" data-id=\"94b3312\" data-element_type=\"widget\" data-e-type=\"widget\" data-settings=\"{&quot;motion_fx_motion_fx_scrolling&quot;:&quot;yes&quot;,&quot;motion_fx_translateY_effect&quot;:&quot;yes&quot;,&quot;motion_fx_translateY_speed&quot;:{&quot;unit&quot;:&quot;px&quot;,&quot;size&quot;:4,&quot;sizes&quot;:[]},&quot;motion_fx_translateY_affectedRange&quot;:{&quot;unit&quot;:&quot;%&quot;,&quot;size&quot;:&quot;&quot;,&quot;sizes&quot;:{&quot;start&quot;:0,&quot;end&quot;:100}},&quot;motion_fx_devices&quot;:[&quot;desktop&quot;,&quot;tablet&quot;,&quot;mobile&quot;]}\" data-widget_type=\"image.default\">\n\t\t\t\t<div class=\"elementor-widget-container\">\n\t\t\t\t\t\t\t\t\t\t\t\t\t\t\t<img decoding=\"async\" width=\"768\" height=\"476\" src=\"https:\/\/veloraildelajuine.fr\/wp-content\/uploads\/2025\/01\/2022-09-15-16.20.46-scaled-e1737808723963-768x476.jpg\" class=\"attachment-medium_large size-medium_large wp-image-984\" alt=\"\" srcset=\"https:\/\/veloraildelajuine.fr\/wp-content\/uploads\/2025\/01\/2022-09-15-16.20.46-scaled-e1737808723963-768x476.jpg 768w, https:\/\/veloraildelajuine.fr\/wp-content\/uploads\/2025\/01\/2022-09-15-16.20.46-scaled-e1737808723963-300x186.jpg 300w, https:\/\/veloraildelajuine.fr\/wp-content\/uploads\/2025\/01\/2022-09-15-16.20.46-scaled-e1737808723963-1024x635.jpg 1024w, https:\/\/veloraildelajuine.fr\/wp-content\/uploads\/2025\/01\/2022-09-15-16.20.46-scaled-e1737808723963-1536x952.jpg 1536w, https:\/\/veloraildelajuine.fr\/wp-content\/uploads\/2025\/01\/2022-09-15-16.20.46-scaled-e1737808723963-2048x1269.jpg 2048w\" sizes=\"(max-width: 768px) 100vw, 768px\" \/>\t\t\t\t\t\t\t\t\t\t\t\t\t\t\t<\/div>\n\t\t\t\t<\/div>\n\t\t\t\t<div class=\"elementor-element elementor-element-8c3cb74 elementor-widget elementor-widget-image\" data-id=\"8c3cb74\" data-element_type=\"widget\" data-e-type=\"widget\" data-settings=\"{&quot;motion_fx_motion_fx_scrolling&quot;:&quot;yes&quot;,&quot;motion_fx_translateY_effect&quot;:&quot;yes&quot;,&quot;motion_fx_translateY_speed&quot;:{&quot;unit&quot;:&quot;px&quot;,&quot;size&quot;:4,&quot;sizes&quot;:[]},&quot;motion_fx_translateY_affectedRange&quot;:{&quot;unit&quot;:&quot;%&quot;,&quot;size&quot;:&quot;&quot;,&quot;sizes&quot;:{&quot;start&quot;:0,&quot;end&quot;:100}},&quot;motion_fx_devices&quot;:[&quot;desktop&quot;,&quot;tablet&quot;,&quot;mobile&quot;]}\" data-widget_type=\"image.default\">\n\t\t\t\t<div class=\"elementor-widget-container\">\n\t\t\t\t\t\t\t\t\t\t\t\t\t\t\t<img loading=\"lazy\" decoding=\"async\" width=\"800\" height=\"441\" src=\"https:\/\/veloraildelajuine.fr\/wp-content\/uploads\/2025\/01\/2024-04-26-13.18.12-1024x564.jpg\" class=\"attachment-large size-large wp-image-1004\" alt=\"\" srcset=\"https:\/\/veloraildelajuine.fr\/wp-content\/uploads\/2025\/01\/2024-04-26-13.18.12-1024x564.jpg 1024w, https:\/\/veloraildelajuine.fr\/wp-content\/uploads\/2025\/01\/2024-04-26-13.18.12-300x165.jpg 300w, https:\/\/veloraildelajuine.fr\/wp-content\/uploads\/2025\/01\/2024-04-26-13.18.12-768x423.jpg 768w, https:\/\/veloraildelajuine.fr\/wp-content\/uploads\/2025\/01\/2024-04-26-13.18.12-1536x846.jpg 1536w, https:\/\/veloraildelajuine.fr\/wp-content\/uploads\/2025\/01\/2024-04-26-13.18.12-2048x1128.jpg 2048w\" sizes=\"(max-width: 800px) 100vw, 800px\" \/>\t\t\t\t\t\t\t\t\t\t\t\t\t\t\t<\/div>\n\t\t\t\t<\/div>\n\t\t\t\t\t<\/div>\n\t\t<\/div>\n\t\t\t\t<div class=\"elementor-column elementor-col-33 elementor-top-column elementor-element elementor-element-46173ac\" data-id=\"46173ac\" data-element_type=\"column\" data-e-type=\"column\">\n\t\t\t<div class=\"elementor-widget-wrap elementor-element-populated\">\n\t\t\t\t\t\t<div class=\"elementor-element elementor-element-4d54e2b elementor-widget elementor-widget-heading\" data-id=\"4d54e2b\" data-element_type=\"widget\" data-e-type=\"widget\" data-widget_type=\"heading.default\">\n\t\t\t\t<div class=\"elementor-widget-container\">\n\t\t\t\t\t<h2 class=\"elementor-heading-title elementor-size-default\"><br>Entreprises &amp;  Associations<\/h2>\t\t\t\t<\/div>\n\t\t\t\t<\/div>\n\t\t\t\t<div class=\"elementor-element elementor-element-181d6b1 elementor-widget elementor-widget-text-editor\" data-id=\"181d6b1\" data-element_type=\"widget\" data-e-type=\"widget\" data-widget_type=\"text-editor.default\">\n\t\t\t\t<div class=\"elementor-widget-container\">\n\t\t\t\t\t\t\t\t\t<p>La recette pour construire des souvenirs en commun ? Un zeste de sport, une pinc\u00e9e d&rsquo;air pur, une grande cuill\u00e8re de convivialit\u00e9 et un soup\u00e7on de d\u00e9paysement. Bienvenue au v\u00e9lorail \ud83d\ude42<\/p>\t\t\t\t\t\t\t\t<\/div>\n\t\t\t\t<\/div>\n\t\t\t\t<div class=\"elementor-element elementor-element-3907080 elementor-widget elementor-widget-heading\" data-id=\"3907080\" data-element_type=\"widget\" data-e-type=\"widget\" data-widget_type=\"heading.default\">\n\t\t\t\t<div class=\"elementor-widget-container\">\n\t\t\t\t\t<h3 class=\"elementor-heading-title elementor-size-default\">La sortie...<\/h3>\t\t\t\t<\/div>\n\t\t\t\t<\/div>\n\t\t\t\t<div class=\"elementor-element elementor-element-00b9728 elementor-widget elementor-widget-text-editor\" data-id=\"00b9728\" data-element_type=\"widget\" data-e-type=\"widget\" data-widget_type=\"text-editor.default\">\n\t\t\t\t<div class=\"elementor-widget-container\">\n\t\t\t\t\t\t\t\t\t<p>En route pour 2 heures (une heure aller, une heure retour) en petits groupes de 5 \u00e0 bord. Pour pimenter, petite collecte d&rsquo;indices sur le parcours !!!<\/p>\t\t\t\t\t\t\t\t<\/div>\n\t\t\t\t<\/div>\n\t\t\t\t<div class=\"elementor-element elementor-element-6cda58b elementor-widget elementor-widget-heading\" data-id=\"6cda58b\" data-element_type=\"widget\" data-e-type=\"widget\" data-widget_type=\"heading.default\">\n\t\t\t\t<div class=\"elementor-widget-container\">\n\t\t\t\t\t<h3 class=\"elementor-heading-title elementor-size-default\">Avant, apr\u00e8s...<\/h3>\t\t\t\t<\/div>\n\t\t\t\t<\/div>\n\t\t\t\t<div class=\"elementor-element elementor-element-a10e2e8 elementor-widget elementor-widget-text-editor\" data-id=\"a10e2e8\" data-element_type=\"widget\" data-e-type=\"widget\" data-widget_type=\"text-editor.default\">\n\t\t\t\t<div class=\"elementor-widget-container\">\n\t\t\t\t\t\t\t\t\t<p>Un caf\u00e9 avant de partir ? Un go\u00fbter ou un panier pique nique avec des produits locaux, voir un repas de qualit\u00e9 par un traiteur ? Nous mettons les petits plats dans les grands pour vous accueillir. Envie de se r\u00e9unir ? Notre salle est id\u00e9ale pour un moment en commun.<\/p>\t\t\t\t\t\t\t\t<\/div>\n\t\t\t\t<\/div>\n\t\t\t\t<div class=\"elementor-element elementor-element-fc9ff6f elementor-widget elementor-widget-heading\" data-id=\"fc9ff6f\" data-element_type=\"widget\" data-e-type=\"widget\" data-widget_type=\"heading.default\">\n\t\t\t\t<div class=\"elementor-widget-container\">\n\t\t\t\t\t<h3 class=\"elementor-heading-title elementor-size-default\">Modalit\u00e9s<\/h3>\t\t\t\t<\/div>\n\t\t\t\t<\/div>\n\t\t\t\t<div class=\"elementor-element elementor-element-7bc2a20 elementor-widget elementor-widget-text-editor\" data-id=\"7bc2a20\" data-element_type=\"widget\" data-e-type=\"widget\" data-widget_type=\"text-editor.default\">\n\t\t\t\t<div class=\"elementor-widget-container\">\n\t\t\t\t\t\t\t\t\t<p>Tarif <em>\u00e0 partir de<\/em> 10 euros par participant, minimum de 20 personnes. R\u00e9servation sur devis par demande (<a href=\"mailto:contact@veloraildelajuine.fr\">contact@veloraildelajuine.fr<\/a>), un acompte de 30% sera demand\u00e9, la date est bloqu\u00e9e \u00e0 r\u00e9ception des arrhes.<\/p>\t\t\t\t\t\t\t\t<\/div>\n\t\t\t\t<\/div>\n\t\t\t\t\t<\/div>\n\t\t<\/div>\n\t\t\t\t\t<\/div>\n\t\t<\/section>\n\t\t\t\t<section class=\"elementor-section elementor-top-section elementor-element elementor-element-90e47da elementor-section-boxed elementor-section-height-default elementor-section-height-default\" data-id=\"90e47da\" data-element_type=\"section\" data-e-type=\"section\" data-settings=\"{&quot;shape_divider_top&quot;:&quot;tilt&quot;,&quot;shape_divider_bottom&quot;:&quot;tilt&quot;}\">\n\t\t\t\t\t<div class=\"elementor-shape elementor-shape-top\" aria-hidden=\"true\" data-negative=\"false\">\n\t\t\t<svg xmlns=\"http:\/\/www.w3.org\/2000\/svg\" viewBox=\"0 0 1000 100\" preserveAspectRatio=\"none\">\n\t<path class=\"elementor-shape-fill\" d=\"M0,6V0h1000v100L0,6z\"\/>\n<\/svg>\t\t<\/div>\n\t\t\t\t<div class=\"elementor-shape elementor-shape-bottom\" aria-hidden=\"true\" data-negative=\"false\">\n\t\t\t<svg xmlns=\"http:\/\/www.w3.org\/2000\/svg\" viewBox=\"0 0 1000 100\" preserveAspectRatio=\"none\">\n\t<path class=\"elementor-shape-fill\" d=\"M0,6V0h1000v100L0,6z\"\/>\n<\/svg>\t\t<\/div>\n\t\t\t\t\t<div class=\"elementor-container elementor-column-gap-default\">\n\t\t\t\t\t<div class=\"elementor-column elementor-col-33 elementor-top-column elementor-element elementor-element-25605da\" data-id=\"25605da\" data-element_type=\"column\" data-e-type=\"column\">\n\t\t\t<div class=\"elementor-widget-wrap elementor-element-populated\">\n\t\t\t\t\t\t<div class=\"elementor-element elementor-element-2792e10 elementor-widget elementor-widget-heading\" data-id=\"2792e10\" data-element_type=\"widget\" data-e-type=\"widget\" data-widget_type=\"heading.default\">\n\t\t\t\t<div class=\"elementor-widget-container\">\n\t\t\t\t\t<h2 class=\"elementor-heading-title elementor-size-default\">Centres de loisirs<\/h2>\t\t\t\t<\/div>\n\t\t\t\t<\/div>\n\t\t\t\t<div class=\"elementor-element elementor-element-bcbafdf elementor-widget elementor-widget-text-editor\" data-id=\"bcbafdf\" data-element_type=\"widget\" data-e-type=\"widget\" data-widget_type=\"text-editor.default\">\n\t\t\t\t<div class=\"elementor-widget-container\">\n\t\t\t\t\t\t\t\t\t<p>Pendant les vacances ou les mercredis, c&rsquo;est une sortie qui fait du bien ! Les v\u00e9lorails circulent, on vous r\u00e9serve ceux dont vous avez besoin \ud83d\ude42<\/p>\t\t\t\t\t\t\t\t<\/div>\n\t\t\t\t<\/div>\n\t\t\t\t<div class=\"elementor-element elementor-element-7ac174a elementor-widget elementor-widget-heading\" data-id=\"7ac174a\" data-element_type=\"widget\" data-e-type=\"widget\" data-widget_type=\"heading.default\">\n\t\t\t\t<div class=\"elementor-widget-container\">\n\t\t\t\t\t<h2 class=\"elementor-heading-title elementor-size-default\">R\u00e9server...<\/h2>\t\t\t\t<\/div>\n\t\t\t\t<\/div>\n\t\t\t\t<div class=\"elementor-element elementor-element-a0cdba3 elementor-widget elementor-widget-text-editor\" data-id=\"a0cdba3\" data-element_type=\"widget\" data-e-type=\"widget\" data-widget_type=\"text-editor.default\">\n\t\t\t\t<div class=\"elementor-widget-container\">\n\t\t\t\t\t\t\t\t\t<ul><li>Par mail (<a href=\"mailto:contact@veloraildelajuine.fr\" target=\"_blank\" rel=\"noopener\">contact@veloraildelajuine<\/a>) pour le devis<\/li><li>Bon de commande administratif obligatoire pour valider votre venue au moins une semaine \u00e0 l&rsquo;avance<\/li><li>R\u00e8glement par mandat administratif via Chorus<\/li><\/ul>\t\t\t\t\t\t\t\t<\/div>\n\t\t\t\t<\/div>\n\t\t\t\t<div class=\"elementor-element elementor-element-a2244a0 elementor-widget elementor-widget-heading\" data-id=\"a2244a0\" data-element_type=\"widget\" data-e-type=\"widget\" data-widget_type=\"heading.default\">\n\t\t\t\t<div class=\"elementor-widget-container\">\n\t\t\t\t\t<h2 class=\"elementor-heading-title elementor-size-default\">Tarif et modalit\u00e9s<\/h2>\t\t\t\t<\/div>\n\t\t\t\t<\/div>\n\t\t\t\t<div class=\"elementor-element elementor-element-ca1b999 elementor-widget elementor-widget-text-editor\" data-id=\"ca1b999\" data-element_type=\"widget\" data-e-type=\"widget\" data-widget_type=\"text-editor.default\">\n\t\t\t\t<div class=\"elementor-widget-container\">\n\t\t\t\t\t\t\t\t\t<ul><li>Tarification par v\u00e9lorail au tarif groupe (38,25 \u20ac par v\u00e9lorail de 6 personnes)<\/li><li>Arriv\u00e9e 15 minutes avant le d\u00e9part, aire de pique nique \u00e0 votre disposition (\u00e0 nous indiquer pour r\u00e9server l&rsquo;espace)<\/li><\/ul>\t\t\t\t\t\t\t\t<\/div>\n\t\t\t\t<\/div>\n\t\t\t\t\t<\/div>\n\t\t<\/div>\n\t\t\t\t<div class=\"elementor-column elementor-col-66 elementor-top-column elementor-element elementor-element-df541d6\" data-id=\"df541d6\" data-element_type=\"column\" data-e-type=\"column\">\n\t\t\t<div class=\"elementor-widget-wrap elementor-element-populated\">\n\t\t\t\t\t\t<div class=\"elementor-element elementor-element-0088442 elementor-widget elementor-widget-image\" data-id=\"0088442\" data-element_type=\"widget\" data-e-type=\"widget\" data-settings=\"{&quot;motion_fx_motion_fx_scrolling&quot;:&quot;yes&quot;,&quot;motion_fx_translateY_effect&quot;:&quot;yes&quot;,&quot;motion_fx_translateY_speed&quot;:{&quot;unit&quot;:&quot;px&quot;,&quot;size&quot;:4,&quot;sizes&quot;:[]},&quot;motion_fx_translateY_affectedRange&quot;:{&quot;unit&quot;:&quot;%&quot;,&quot;size&quot;:&quot;&quot;,&quot;sizes&quot;:{&quot;start&quot;:0,&quot;end&quot;:100}},&quot;motion_fx_devices&quot;:[&quot;desktop&quot;,&quot;tablet&quot;,&quot;mobile&quot;]}\" data-widget_type=\"image.default\">\n\t\t\t\t<div class=\"elementor-widget-container\">\n\t\t\t\t\t\t\t\t\t\t\t\t\t\t\t<img loading=\"lazy\" decoding=\"async\" width=\"800\" height=\"533\" src=\"https:\/\/veloraildelajuine.fr\/wp-content\/uploads\/2022\/06\/panier-pique-nique.jpg\" class=\"attachment-large size-large wp-image-632\" alt=\"\" srcset=\"https:\/\/veloraildelajuine.fr\/wp-content\/uploads\/2022\/06\/panier-pique-nique.jpg 900w, https:\/\/veloraildelajuine.fr\/wp-content\/uploads\/2022\/06\/panier-pique-nique-300x200.jpg 300w, https:\/\/veloraildelajuine.fr\/wp-content\/uploads\/2022\/06\/panier-pique-nique-768x512.jpg 768w\" sizes=\"(max-width: 800px) 100vw, 800px\" \/>\t\t\t\t\t\t\t\t\t\t\t\t\t\t\t<\/div>\n\t\t\t\t<\/div>\n\t\t\t\t\t<\/div>\n\t\t<\/div>\n\t\t\t\t\t<\/div>\n\t\t<\/section>\n\t\t\t\t<section class=\"elementor-section elementor-top-section elementor-element elementor-element-6ee6f70 elementor-section-boxed elementor-section-height-default elementor-section-height-default\" data-id=\"6ee6f70\" data-element_type=\"section\" data-e-type=\"section\" data-settings=\"{&quot;background_background&quot;:&quot;classic&quot;,&quot;shape_divider_top&quot;:&quot;tilt&quot;}\">\n\t\t\t\t\t<div class=\"elementor-shape elementor-shape-top\" aria-hidden=\"true\" data-negative=\"false\">\n\t\t\t<svg xmlns=\"http:\/\/www.w3.org\/2000\/svg\" viewBox=\"0 0 1000 100\" preserveAspectRatio=\"none\">\n\t<path class=\"elementor-shape-fill\" d=\"M0,6V0h1000v100L0,6z\"\/>\n<\/svg>\t\t<\/div>\n\t\t\t\t\t<div class=\"elementor-container elementor-column-gap-default\">\n\t\t\t\t\t<div class=\"elementor-column elementor-col-66 elementor-top-column elementor-element elementor-element-46dbaca\" data-id=\"46dbaca\" data-element_type=\"column\" data-e-type=\"column\">\n\t\t\t<div class=\"elementor-widget-wrap elementor-element-populated\">\n\t\t\t\t\t\t<div class=\"elementor-element elementor-element-565d2cf elementor-widget elementor-widget-image\" data-id=\"565d2cf\" data-element_type=\"widget\" data-e-type=\"widget\" data-settings=\"{&quot;motion_fx_motion_fx_scrolling&quot;:&quot;yes&quot;,&quot;motion_fx_translateY_effect&quot;:&quot;yes&quot;,&quot;motion_fx_translateY_speed&quot;:{&quot;unit&quot;:&quot;px&quot;,&quot;size&quot;:4,&quot;sizes&quot;:[]},&quot;motion_fx_translateY_affectedRange&quot;:{&quot;unit&quot;:&quot;%&quot;,&quot;size&quot;:&quot;&quot;,&quot;sizes&quot;:{&quot;start&quot;:0,&quot;end&quot;:100}},&quot;motion_fx_devices&quot;:[&quot;desktop&quot;,&quot;tablet&quot;,&quot;mobile&quot;]}\" data-widget_type=\"image.default\">\n\t\t\t\t<div class=\"elementor-widget-container\">\n\t\t\t\t\t\t\t\t\t\t\t\t\t\t\t<img loading=\"lazy\" decoding=\"async\" width=\"768\" height=\"576\" src=\"https:\/\/veloraildelajuine.fr\/wp-content\/uploads\/2025\/01\/2023-05-13-10.23.03-768x576.jpg\" class=\"attachment-medium_large size-medium_large wp-image-1024\" alt=\"\" srcset=\"https:\/\/veloraildelajuine.fr\/wp-content\/uploads\/2025\/01\/2023-05-13-10.23.03-768x576.jpg 768w, https:\/\/veloraildelajuine.fr\/wp-content\/uploads\/2025\/01\/2023-05-13-10.23.03-300x225.jpg 300w, https:\/\/veloraildelajuine.fr\/wp-content\/uploads\/2025\/01\/2023-05-13-10.23.03-1024x768.jpg 1024w, https:\/\/veloraildelajuine.fr\/wp-content\/uploads\/2025\/01\/2023-05-13-10.23.03-1536x1152.jpg 1536w, https:\/\/veloraildelajuine.fr\/wp-content\/uploads\/2025\/01\/2023-05-13-10.23.03-2048x1536.jpg 2048w\" sizes=\"(max-width: 768px) 100vw, 768px\" \/>\t\t\t\t\t\t\t\t\t\t\t\t\t\t\t<\/div>\n\t\t\t\t<\/div>\n\t\t\t\t\t<\/div>\n\t\t<\/div>\n\t\t\t\t<div class=\"elementor-column elementor-col-33 elementor-top-column elementor-element elementor-element-94a51d0\" data-id=\"94a51d0\" data-element_type=\"column\" data-e-type=\"column\">\n\t\t\t<div class=\"elementor-widget-wrap elementor-element-populated\">\n\t\t\t\t\t\t<div class=\"elementor-element elementor-element-d8c8ae3 elementor-widget elementor-widget-spacer\" data-id=\"d8c8ae3\" data-element_type=\"widget\" data-e-type=\"widget\" data-widget_type=\"spacer.default\">\n\t\t\t\t<div class=\"elementor-widget-container\">\n\t\t\t\t\t\t\t<div class=\"elementor-spacer\">\n\t\t\t<div class=\"elementor-spacer-inner\"><\/div>\n\t\t<\/div>\n\t\t\t\t\t\t<\/div>\n\t\t\t\t<\/div>\n\t\t\t\t<div class=\"elementor-element elementor-element-63f5a45 elementor-widget elementor-widget-heading\" data-id=\"63f5a45\" data-element_type=\"widget\" data-e-type=\"widget\" data-widget_type=\"heading.default\">\n\t\t\t\t<div class=\"elementor-widget-container\">\n\t\t\t\t\t<h2 class=\"elementor-heading-title elementor-size-default\">Ev\u00e8nements...<\/h2>\t\t\t\t<\/div>\n\t\t\t\t<\/div>\n\t\t\t\t<div class=\"elementor-element elementor-element-55a957d elementor-widget elementor-widget-heading\" data-id=\"55a957d\" data-element_type=\"widget\" data-e-type=\"widget\" data-widget_type=\"heading.default\">\n\t\t\t\t<div class=\"elementor-widget-container\">\n\t\t\t\t\t<h3 class=\"elementor-heading-title elementor-size-default\">V\u00e9lorail &amp; Randonn\u00e9e...<\/h3>\t\t\t\t<\/div>\n\t\t\t\t<\/div>\n\t\t\t\t<div class=\"elementor-element elementor-element-9e209d5 elementor-widget elementor-widget-text-editor\" data-id=\"9e209d5\" data-element_type=\"widget\" data-e-type=\"widget\" data-widget_type=\"text-editor.default\">\n\t\t\t\t<div class=\"elementor-widget-container\">\n\t\t\t\t\t\t\t\t\t<p>Partir en v\u00e9lorail apr\u00e8s un caf\u00e9 d&rsquo;accueil, randonner \u00e0 M\u00e9r\u00e9ville, pique niquer au domaine d\u00e9partemental et revenir dans l&rsquo;apr\u00e8s midi, c&rsquo;est possible !!!\u00a0<\/p>\t\t\t\t\t\t\t\t<\/div>\n\t\t\t\t<\/div>\n\t\t\t\t<div class=\"elementor-element elementor-element-94c612b elementor-widget elementor-widget-heading\" data-id=\"94c612b\" data-element_type=\"widget\" data-e-type=\"widget\" data-widget_type=\"heading.default\">\n\t\t\t\t<div class=\"elementor-widget-container\">\n\t\t\t\t\t<h3 class=\"elementor-heading-title elementor-size-default\">EVDJF<\/h3>\t\t\t\t<\/div>\n\t\t\t\t<\/div>\n\t\t\t\t<div class=\"elementor-element elementor-element-6398aed elementor-widget elementor-widget-text-editor\" data-id=\"6398aed\" data-element_type=\"widget\" data-e-type=\"widget\" data-widget_type=\"text-editor.default\">\n\t\t\t\t<div class=\"elementor-widget-container\">\n\t\t\t\t\t\t\t\t\t<p>Un joyeux enterrement de vie de jeune fille ? Au retour de la balade, une halte \u00ab\u00a0ap\u00e9ritive\u00a0\u00bb surprise \u00e0 un endroit super sympa !<\/p>\t\t\t\t\t\t\t\t<\/div>\n\t\t\t\t<\/div>\n\t\t\t\t<div class=\"elementor-element elementor-element-56237d4 elementor-widget elementor-widget-heading\" data-id=\"56237d4\" data-element_type=\"widget\" data-e-type=\"widget\" data-widget_type=\"heading.default\">\n\t\t\t\t<div class=\"elementor-widget-container\">\n\t\t\t\t\t<h3 class=\"elementor-heading-title elementor-size-default\">Un anniversaire<\/h3>\t\t\t\t<\/div>\n\t\t\t\t<\/div>\n\t\t\t\t<div class=\"elementor-element elementor-element-39316e1 elementor-widget elementor-widget-text-editor\" data-id=\"39316e1\" data-element_type=\"widget\" data-e-type=\"widget\" data-widget_type=\"text-editor.default\">\n\t\t\t\t<div class=\"elementor-widget-container\">\n\t\t\t\t\t\t\t\t\t<p>D\u00e9corer des v\u00e9lorails et faire une surprise ? Nous sommes vos complices&#8230; On garde vos bouteilles au frais pour le retour et il y a une super p\u00e2tisserie tout pr\u00e8s \u00e0 Saclas \ud83d\ude09<\/p>\t\t\t\t\t\t\t\t<\/div>\n\t\t\t\t<\/div>\n\t\t\t\t<div class=\"elementor-element elementor-element-9aeb63e elementor-widget elementor-widget-heading\" data-id=\"9aeb63e\" data-element_type=\"widget\" data-e-type=\"widget\" data-widget_type=\"heading.default\">\n\t\t\t\t<div class=\"elementor-widget-container\">\n\t\t\t\t\t<h3 class=\"elementor-heading-title elementor-size-default\">Id\u00e9e g\u00e9niale ? On vous suit !<\/h3>\t\t\t\t<\/div>\n\t\t\t\t<\/div>\n\t\t\t\t<div class=\"elementor-element elementor-element-94a21e6 elementor-widget elementor-widget-text-editor\" data-id=\"94a21e6\" data-element_type=\"widget\" data-e-type=\"widget\" data-widget_type=\"text-editor.default\">\n\t\t\t\t<div class=\"elementor-widget-container\">\n\t\t\t\t\t\t\t\t\t<p>Partagez votre id\u00e9e avec nous (<a href=\"mailto:contact@veloraildelajuine.fr\" target=\"_blank\" rel=\"noopener\">contact@veloraildelajuine.fr<\/a>), nous nous d\u00e9carcasserons pour que la r\u00e9alit\u00e9 surpasse vos r\u00eaves&#8230;<\/p>\t\t\t\t\t\t\t\t<\/div>\n\t\t\t\t<\/div>\n\t\t\t\t\t<\/div>\n\t\t<\/div>\n\t\t\t\t\t<\/div>\n\t\t<\/section>\n\t\t\t\t<section class=\"elementor-section elementor-top-section elementor-element elementor-element-c4a3f58 elementor-section-full_width elementor-section-height-default elementor-section-height-default\" data-id=\"c4a3f58\" data-element_type=\"section\" data-e-type=\"section\" data-settings=\"{&quot;background_background&quot;:&quot;classic&quot;,&quot;shape_divider_bottom&quot;:&quot;tilt&quot;}\">\n\t\t\t\t\t<div class=\"elementor-shape elementor-shape-bottom\" aria-hidden=\"true\" data-negative=\"false\">\n\t\t\t<svg xmlns=\"http:\/\/www.w3.org\/2000\/svg\" viewBox=\"0 0 1000 100\" preserveAspectRatio=\"none\">\n\t<path class=\"elementor-shape-fill\" d=\"M0,6V0h1000v100L0,6z\"\/>\n<\/svg>\t\t<\/div>\n\t\t\t\t\t<div class=\"elementor-container elementor-column-gap-default\">\n\t\t\t\t\t<div class=\"elementor-column elementor-col-100 elementor-top-column elementor-element elementor-element-7f2620c\" data-id=\"7f2620c\" data-element_type=\"column\" data-e-type=\"column\">\n\t\t\t<div class=\"elementor-widget-wrap elementor-element-populated\">\n\t\t\t\t\t\t<div class=\"elementor-element elementor-element-71a3eb9 elementor-widget elementor-widget-heading\" data-id=\"71a3eb9\" data-element_type=\"widget\" data-e-type=\"widget\" data-widget_type=\"heading.default\">\n\t\t\t\t<div class=\"elementor-widget-container\">\n\t\t\t\t\t<h4 class=\"elementor-heading-title elementor-size-default\">N'attendez plus : r\u00e9servez !<\/h4>\t\t\t\t<\/div>\n\t\t\t\t<\/div>\n\t\t\t\t<div class=\"elementor-element elementor-element-fa1267e elementor-widget elementor-widget-heading\" data-id=\"fa1267e\" data-element_type=\"widget\" data-e-type=\"widget\" data-widget_type=\"heading.default\">\n\t\t\t\t<div class=\"elementor-widget-container\">\n\t\t\t\t\t<h2 class=\"elementor-heading-title elementor-size-default\">Le V\u00e9lorail est une activit\u00e9 populaire : save the date !<\/h2>\t\t\t\t<\/div>\n\t\t\t\t<\/div>\n\t\t\t\t<div class=\"elementor-element elementor-element-2fe2eb4 elementor-widget__width-initial elementor-widget elementor-widget-text-editor\" data-id=\"2fe2eb4\" data-element_type=\"widget\" data-e-type=\"widget\" data-widget_type=\"text-editor.default\">\n\t\t\t\t<div class=\"elementor-widget-container\">\n\t\t\t\t\t\t\t\t\t<p><span style=\"font-style: oblique;\">Pour accueillir votre groupe \u00e0 la date qui vous convienne, une seule solution : \u00eatre les premiers !!! Dites nous tout, nous bloquerons la date le temps n\u00e9cessaire pour que vous vous organisiez&#8230;<\/span><\/p>\t\t\t\t\t\t\t\t<\/div>\n\t\t\t\t<\/div>\n\t\t\t\t<section class=\"elementor-section elementor-inner-section elementor-element elementor-element-970aa68 elementor-section-full_width elementor-section-height-default elementor-section-height-default\" data-id=\"970aa68\" data-element_type=\"section\" data-e-type=\"section\">\n\t\t\t\t\t\t<div class=\"elementor-container elementor-column-gap-extended\">\n\t\t\t\t\t<div class=\"elementor-column elementor-col-50 elementor-inner-column elementor-element elementor-element-8fc6806\" data-id=\"8fc6806\" data-element_type=\"column\" data-e-type=\"column\">\n\t\t\t<div class=\"elementor-widget-wrap elementor-element-populated\">\n\t\t\t\t\t\t<div class=\"elementor-element elementor-element-123c001 elementor-cta--skin-classic elementor-animated-content elementor-bg-transform elementor-bg-transform-zoom-in elementor-widget elementor-widget-call-to-action\" data-id=\"123c001\" data-element_type=\"widget\" data-e-type=\"widget\" data-widget_type=\"call-to-action.default\">\n\t\t\t\t<div class=\"elementor-widget-container\">\n\t\t\t\t\t\t\t<div class=\"elementor-cta\">\n\t\t\t\t\t<div class=\"elementor-cta__bg-wrapper\">\n\t\t\t\t<div class=\"elementor-cta__bg elementor-bg\" style=\"background-image: url(https:\/\/veloraildelajuine.fr\/wp-content\/uploads\/2022\/06\/reservez-au-telephone.jpg);\"><\/div>\n\t\t\t\t<div class=\"elementor-cta__bg-overlay\"><\/div>\n\t\t\t<\/div>\n\t\t\t\t\t\t\t<div class=\"elementor-cta__content\">\n\t\t\t\t\n\t\t\t\t<h2 class=\"elementor-cta__title elementor-cta__content-item elementor-content-item\">Par t\u00e9l\u00e9phone<\/h2>\n\t\t\t\t\t\t\t\t\t<div class=\"elementor-cta__description elementor-cta__content-item elementor-content-item\">\n\t\t\t\t\t\tPour prendre des renseignements sur la venue de votre groupe, mais seulement possible les jours d'ouverture et aux horaires de bureau.\t\t\t\t\t<\/div>\n\t\t\t\t\n\t\t\t\t\t\t\t\t\t<div class=\"elementor-cta__button-wrapper elementor-cta__content-item elementor-content-item \">\n\t\t\t\t\t<a class=\"elementor-cta__button elementor-button elementor-size-sm\" href=\"tel:+33695667345\">\n\t\t\t\t\t\tAppelez-nous : 0695667345\t\t\t\t\t<\/a>\n\t\t\t\t\t<\/div>\n\t\t\t\t\t\t\t<\/div>\n\t\t\t\t\t\t<\/div>\n\t\t\t\t\t\t<\/div>\n\t\t\t\t<\/div>\n\t\t\t\t\t<\/div>\n\t\t<\/div>\n\t\t\t\t<div class=\"elementor-column elementor-col-50 elementor-inner-column elementor-element elementor-element-339cd55\" data-id=\"339cd55\" data-element_type=\"column\" data-e-type=\"column\">\n\t\t\t<div class=\"elementor-widget-wrap elementor-element-populated\">\n\t\t\t\t\t\t<div class=\"elementor-element elementor-element-b9114b3 elementor-cta--skin-classic elementor-animated-content elementor-bg-transform elementor-bg-transform-zoom-in elementor-widget elementor-widget-call-to-action\" data-id=\"b9114b3\" data-element_type=\"widget\" data-e-type=\"widget\" data-widget_type=\"call-to-action.default\">\n\t\t\t\t<div class=\"elementor-widget-container\">\n\t\t\t\t\t\t\t<div class=\"elementor-cta\">\n\t\t\t\t\t<div class=\"elementor-cta__bg-wrapper\">\n\t\t\t\t<div class=\"elementor-cta__bg elementor-bg\" style=\"background-image: url(https:\/\/veloraildelajuine.fr\/wp-content\/uploads\/2022\/06\/reservez-par-email.jpg);\"><\/div>\n\t\t\t\t<div class=\"elementor-cta__bg-overlay\"><\/div>\n\t\t\t<\/div>\n\t\t\t\t\t\t\t<div class=\"elementor-cta__content\">\n\t\t\t\t\n\t\t\t\t<h2 class=\"elementor-cta__title elementor-cta__content-item elementor-content-item\">D\u00e9crire votre venue par email<\/h2>\n\t\t\t\t\t\t\t\t\t<div class=\"elementor-cta__description elementor-cta__content-item elementor-content-item\">\n\t\t\t\t\t\tVous savez ce que vous souhaitez ? Dites le nous, vous recevrez un devis dans les jours qui viennent !\t\t\t\t\t<\/div>\n\t\t\t\t\n\t\t\t\t\t\t\t\t\t<div class=\"elementor-cta__button-wrapper elementor-cta__content-item elementor-content-item \">\n\t\t\t\t\t<a class=\"elementor-cta__button elementor-button elementor-size-sm\" href=\"http:\/\/veloraildelajuine.fr\/index.php\/reserver-par-email\/\">\n\t\t\t\t\t\tGlissez un petit mail !\t\t\t\t\t<\/a>\n\t\t\t\t\t<\/div>\n\t\t\t\t\t\t\t<\/div>\n\t\t\t\t\t\t<\/div>\n\t\t\t\t\t\t<\/div>\n\t\t\t\t<\/div>\n\t\t\t\t\t<\/div>\n\t\t<\/div>\n\t\t\t\t\t<\/div>\n\t\t<\/section>\n\t\t\t\t\t<\/div>\n\t\t<\/div>\n\t\t\t\t\t<\/div>\n\t\t<\/section>\n\t\t\t\t<\/div>\n\t\t","protected":false},"excerpt":{"rendered":"<p>Passer un super moment au v\u00e9lorail tous ensemble ? Aux petits oignons&#8230; Nous nous adaptons pour vous accueillir comme vous \u00eates&#8230; Scolaires Sortie v\u00e9lorail (mars-octobre) La sortie en v\u00e9lorail dure 2 heures avec aire de pique nique (int\u00e9rieure ou ext\u00e9rieure) \u00e0 votre disposition. Une pr\u00e9sentation de la voie ferr\u00e9e dans son contexte historique est \u00e9galement [&hellip;]<\/p>\n","protected":false},"author":2,"featured_media":961,"parent":0,"menu_order":0,"comment_status":"closed","ping_status":"closed","template":"","meta":{"footnotes":""},"class_list":["post-957","page","type-page","status-publish","has-post-thumbnail","hentry"],"yoast_head":"<!-- This site is optimized with the Yoast SEO plugin v27.5 - https:\/\/yoast.com\/product\/yoast-seo-wordpress\/ -->\n<title>Groupes &amp; Scolaires - V\u00e9lorail de la Juine<\/title>\n<meta name=\"robots\" content=\"index, follow, max-snippet:-1, max-image-preview:large, max-video-preview:-1\" \/>\n<link rel=\"canonical\" href=\"https:\/\/veloraildelajuine.fr\/index.php\/groupes-scolaires\/\" \/>\n<meta property=\"og:locale\" content=\"fr_FR\" \/>\n<meta property=\"og:type\" content=\"article\" \/>\n<meta property=\"og:title\" content=\"Groupes &amp; Scolaires - V\u00e9lorail de la Juine\" \/>\n<meta property=\"og:description\" content=\"Passer un super moment au v\u00e9lorail tous ensemble ? Aux petits oignons&#8230; Nous nous adaptons pour vous accueillir comme vous \u00eates&#8230; Scolaires Sortie v\u00e9lorail (mars-octobre) La sortie en v\u00e9lorail dure 2 heures avec aire de pique nique (int\u00e9rieure ou ext\u00e9rieure) \u00e0 votre disposition. Une pr\u00e9sentation de la voie ferr\u00e9e dans son contexte historique est \u00e9galement [&hellip;]\" \/>\n<meta property=\"og:url\" content=\"https:\/\/veloraildelajuine.fr\/index.php\/groupes-scolaires\/\" \/>\n<meta property=\"og:site_name\" content=\"V\u00e9lorail de la Juine\" \/>\n<meta property=\"article:modified_time\" content=\"2025-11-08T15:19:09+00:00\" \/>\n<meta property=\"og:image\" content=\"https:\/\/veloraildelajuine.fr\/wp-content\/uploads\/2025\/01\/2023-08-11-11.47.02-scaled.jpg\" \/>\n\t<meta property=\"og:image:width\" content=\"2560\" \/>\n\t<meta property=\"og:image:height\" content=\"1783\" \/>\n\t<meta property=\"og:image:type\" content=\"image\/jpeg\" \/>\n<meta name=\"twitter:card\" content=\"summary_large_image\" \/>\n<meta name=\"twitter:label1\" content=\"Dur\u00e9e de lecture estim\u00e9e\" \/>\n\t<meta name=\"twitter:data1\" content=\"5 minutes\" \/>\n<script type=\"application\/ld+json\" class=\"yoast-schema-graph\">{\"@context\":\"https:\\\/\\\/schema.org\",\"@graph\":[{\"@type\":\"WebPage\",\"@id\":\"https:\\\/\\\/veloraildelajuine.fr\\\/index.php\\\/groupes-scolaires\\\/\",\"url\":\"https:\\\/\\\/veloraildelajuine.fr\\\/index.php\\\/groupes-scolaires\\\/\",\"name\":\"Groupes &amp; Scolaires - V\u00e9lorail de la Juine\",\"isPartOf\":{\"@id\":\"https:\\\/\\\/veloraildelajuine.fr\\\/#website\"},\"primaryImageOfPage\":{\"@id\":\"https:\\\/\\\/veloraildelajuine.fr\\\/index.php\\\/groupes-scolaires\\\/#primaryimage\"},\"image\":{\"@id\":\"https:\\\/\\\/veloraildelajuine.fr\\\/index.php\\\/groupes-scolaires\\\/#primaryimage\"},\"thumbnailUrl\":\"https:\\\/\\\/veloraildelajuine.fr\\\/wp-content\\\/uploads\\\/2025\\\/01\\\/2023-08-11-11.47.02-scaled.jpg\",\"datePublished\":\"2025-01-25T10:08:44+00:00\",\"dateModified\":\"2025-11-08T15:19:09+00:00\",\"breadcrumb\":{\"@id\":\"https:\\\/\\\/veloraildelajuine.fr\\\/index.php\\\/groupes-scolaires\\\/#breadcrumb\"},\"inLanguage\":\"fr-FR\",\"potentialAction\":[{\"@type\":\"ReadAction\",\"target\":[\"https:\\\/\\\/veloraildelajuine.fr\\\/index.php\\\/groupes-scolaires\\\/\"]}]},{\"@type\":\"ImageObject\",\"inLanguage\":\"fr-FR\",\"@id\":\"https:\\\/\\\/veloraildelajuine.fr\\\/index.php\\\/groupes-scolaires\\\/#primaryimage\",\"url\":\"https:\\\/\\\/veloraildelajuine.fr\\\/wp-content\\\/uploads\\\/2025\\\/01\\\/2023-08-11-11.47.02-scaled.jpg\",\"contentUrl\":\"https:\\\/\\\/veloraildelajuine.fr\\\/wp-content\\\/uploads\\\/2025\\\/01\\\/2023-08-11-11.47.02-scaled.jpg\",\"width\":2560,\"height\":1783},{\"@type\":\"BreadcrumbList\",\"@id\":\"https:\\\/\\\/veloraildelajuine.fr\\\/index.php\\\/groupes-scolaires\\\/#breadcrumb\",\"itemListElement\":[{\"@type\":\"ListItem\",\"position\":1,\"name\":\"Accueil\",\"item\":\"https:\\\/\\\/veloraildelajuine.fr\\\/\"},{\"@type\":\"ListItem\",\"position\":2,\"name\":\"Groupes &amp; Scolaires\"}]},{\"@type\":\"WebSite\",\"@id\":\"https:\\\/\\\/veloraildelajuine.fr\\\/#website\",\"url\":\"https:\\\/\\\/veloraildelajuine.fr\\\/\",\"name\":\"V\u00e9lorail de la Juine\",\"description\":\"Un site utilisant WordPress\",\"publisher\":{\"@id\":\"https:\\\/\\\/veloraildelajuine.fr\\\/#organization\"},\"potentialAction\":[{\"@type\":\"SearchAction\",\"target\":{\"@type\":\"EntryPoint\",\"urlTemplate\":\"https:\\\/\\\/veloraildelajuine.fr\\\/?s={search_term_string}\"},\"query-input\":{\"@type\":\"PropertyValueSpecification\",\"valueRequired\":true,\"valueName\":\"search_term_string\"}}],\"inLanguage\":\"fr-FR\"},{\"@type\":\"Organization\",\"@id\":\"https:\\\/\\\/veloraildelajuine.fr\\\/#organization\",\"name\":\"V\u00e9lorail de la Juine\",\"url\":\"https:\\\/\\\/veloraildelajuine.fr\\\/\",\"logo\":{\"@type\":\"ImageObject\",\"inLanguage\":\"fr-FR\",\"@id\":\"https:\\\/\\\/veloraildelajuine.fr\\\/#\\\/schema\\\/logo\\\/image\\\/\",\"url\":\"https:\\\/\\\/veloraildelajuine.fr\\\/wp-content\\\/uploads\\\/2022\\\/06\\\/LOGO-JUINE-VERT-2.png\",\"contentUrl\":\"https:\\\/\\\/veloraildelajuine.fr\\\/wp-content\\\/uploads\\\/2022\\\/06\\\/LOGO-JUINE-VERT-2.png\",\"width\":768,\"height\":666,\"caption\":\"V\u00e9lorail de la Juine\"},\"image\":{\"@id\":\"https:\\\/\\\/veloraildelajuine.fr\\\/#\\\/schema\\\/logo\\\/image\\\/\"}}]}<\/script>\n<!-- \/ Yoast SEO plugin. -->","yoast_head_json":{"title":"Groupes &amp; Scolaires - V\u00e9lorail de la Juine","robots":{"index":"index","follow":"follow","max-snippet":"max-snippet:-1","max-image-preview":"max-image-preview:large","max-video-preview":"max-video-preview:-1"},"canonical":"https:\/\/veloraildelajuine.fr\/index.php\/groupes-scolaires\/","og_locale":"fr_FR","og_type":"article","og_title":"Groupes &amp; Scolaires - V\u00e9lorail de la Juine","og_description":"Passer un super moment au v\u00e9lorail tous ensemble ? Aux petits oignons&#8230; Nous nous adaptons pour vous accueillir comme vous \u00eates&#8230; Scolaires Sortie v\u00e9lorail (mars-octobre) La sortie en v\u00e9lorail dure 2 heures avec aire de pique nique (int\u00e9rieure ou ext\u00e9rieure) \u00e0 votre disposition. Une pr\u00e9sentation de la voie ferr\u00e9e dans son contexte historique est \u00e9galement [&hellip;]","og_url":"https:\/\/veloraildelajuine.fr\/index.php\/groupes-scolaires\/","og_site_name":"V\u00e9lorail de la Juine","article_modified_time":"2025-11-08T15:19:09+00:00","og_image":[{"width":2560,"height":1783,"url":"https:\/\/veloraildelajuine.fr\/wp-content\/uploads\/2025\/01\/2023-08-11-11.47.02-scaled.jpg","type":"image\/jpeg"}],"twitter_card":"summary_large_image","twitter_misc":{"Dur\u00e9e de lecture estim\u00e9e":"5 minutes"},"schema":{"@context":"https:\/\/schema.org","@graph":[{"@type":"WebPage","@id":"https:\/\/veloraildelajuine.fr\/index.php\/groupes-scolaires\/","url":"https:\/\/veloraildelajuine.fr\/index.php\/groupes-scolaires\/","name":"Groupes &amp; Scolaires - V\u00e9lorail de la Juine","isPartOf":{"@id":"https:\/\/veloraildelajuine.fr\/#website"},"primaryImageOfPage":{"@id":"https:\/\/veloraildelajuine.fr\/index.php\/groupes-scolaires\/#primaryimage"},"image":{"@id":"https:\/\/veloraildelajuine.fr\/index.php\/groupes-scolaires\/#primaryimage"},"thumbnailUrl":"https:\/\/veloraildelajuine.fr\/wp-content\/uploads\/2025\/01\/2023-08-11-11.47.02-scaled.jpg","datePublished":"2025-01-25T10:08:44+00:00","dateModified":"2025-11-08T15:19:09+00:00","breadcrumb":{"@id":"https:\/\/veloraildelajuine.fr\/index.php\/groupes-scolaires\/#breadcrumb"},"inLanguage":"fr-FR","potentialAction":[{"@type":"ReadAction","target":["https:\/\/veloraildelajuine.fr\/index.php\/groupes-scolaires\/"]}]},{"@type":"ImageObject","inLanguage":"fr-FR","@id":"https:\/\/veloraildelajuine.fr\/index.php\/groupes-scolaires\/#primaryimage","url":"https:\/\/veloraildelajuine.fr\/wp-content\/uploads\/2025\/01\/2023-08-11-11.47.02-scaled.jpg","contentUrl":"https:\/\/veloraildelajuine.fr\/wp-content\/uploads\/2025\/01\/2023-08-11-11.47.02-scaled.jpg","width":2560,"height":1783},{"@type":"BreadcrumbList","@id":"https:\/\/veloraildelajuine.fr\/index.php\/groupes-scolaires\/#breadcrumb","itemListElement":[{"@type":"ListItem","position":1,"name":"Accueil","item":"https:\/\/veloraildelajuine.fr\/"},{"@type":"ListItem","position":2,"name":"Groupes &amp; Scolaires"}]},{"@type":"WebSite","@id":"https:\/\/veloraildelajuine.fr\/#website","url":"https:\/\/veloraildelajuine.fr\/","name":"V\u00e9lorail de la Juine","description":"Un site utilisant WordPress","publisher":{"@id":"https:\/\/veloraildelajuine.fr\/#organization"},"potentialAction":[{"@type":"SearchAction","target":{"@type":"EntryPoint","urlTemplate":"https:\/\/veloraildelajuine.fr\/?s={search_term_string}"},"query-input":{"@type":"PropertyValueSpecification","valueRequired":true,"valueName":"search_term_string"}}],"inLanguage":"fr-FR"},{"@type":"Organization","@id":"https:\/\/veloraildelajuine.fr\/#organization","name":"V\u00e9lorail de la Juine","url":"https:\/\/veloraildelajuine.fr\/","logo":{"@type":"ImageObject","inLanguage":"fr-FR","@id":"https:\/\/veloraildelajuine.fr\/#\/schema\/logo\/image\/","url":"https:\/\/veloraildelajuine.fr\/wp-content\/uploads\/2022\/06\/LOGO-JUINE-VERT-2.png","contentUrl":"https:\/\/veloraildelajuine.fr\/wp-content\/uploads\/2022\/06\/LOGO-JUINE-VERT-2.png","width":768,"height":666,"caption":"V\u00e9lorail de la Juine"},"image":{"@id":"https:\/\/veloraildelajuine.fr\/#\/schema\/logo\/image\/"}}]}},"_links":{"self":[{"href":"https:\/\/veloraildelajuine.fr\/index.php\/wp-json\/wp\/v2\/pages\/957","targetHints":{"allow":["GET"]}}],"collection":[{"href":"https:\/\/veloraildelajuine.fr\/index.php\/wp-json\/wp\/v2\/pages"}],"about":[{"href":"https:\/\/veloraildelajuine.fr\/index.php\/wp-json\/wp\/v2\/types\/page"}],"author":[{"embeddable":true,"href":"https:\/\/veloraildelajuine.fr\/index.php\/wp-json\/wp\/v2\/users\/2"}],"replies":[{"embeddable":true,"href":"https:\/\/veloraildelajuine.fr\/index.php\/wp-json\/wp\/v2\/comments?post=957"}],"version-history":[{"count":103,"href":"https:\/\/veloraildelajuine.fr\/index.php\/wp-json\/wp\/v2\/pages\/957\/revisions"}],"predecessor-version":[{"id":1178,"href":"https:\/\/veloraildelajuine.fr\/index.php\/wp-json\/wp\/v2\/pages\/957\/revisions\/1178"}],"wp:featuredmedia":[{"embeddable":true,"href":"https:\/\/veloraildelajuine.fr\/index.php\/wp-json\/wp\/v2\/media\/961"}],"wp:attachment":[{"href":"https:\/\/veloraildelajuine.fr\/index.php\/wp-json\/wp\/v2\/media?parent=957"}],"curies":[{"name":"wp","href":"https:\/\/api.w.org\/{rel}","templated":true}]}}